{"id":5530,"date":"2022-04-25T13:52:38","date_gmt":"2022-04-25T11:52:38","guid":{"rendered":"http:\/\/marbellaboatcharter.com\/sailboat-rental-marbella\/"},"modified":"2026-04-22T09:33:31","modified_gmt":"2026-04-22T07:33:31","slug":"location-voiliers-marbella","status":"publish","type":"page","link":"https:\/\/marbellaboatcharter.com\/fr\/location-voiliers-marbella\/","title":{"rendered":"Location de Voiliers Marbella"},"content":{"rendered":"\t\t<div data-elementor-type=\"wp-page\" data-elementor-id=\"5530\" class=\"elementor elementor-5530 elementor-2713\" data-elementor-post-type=\"page\">\n\t\t\t\t\t\t<section class=\"elementor-section elementor-top-section elementor-element elementor-element-bb9724f elementor-section-boxed elementor-section-height-default elementor-section-height-default\" data-id=\"bb9724f\" data-element_type=\"section\" data-e-type=\"section\" data-settings=\",&quot;_id&quot;:&quot;2852815&quot;,&quot;jet_parallax_layout_image_tablet&quot;:{&quot;url&quot;:&quot;&quot;,&quot;id&quot;:&quot;&quot;,&quot;size&quot;:&quot;&quot;},&quot;jet_parallax_layout_image_mobile&quot;:{&quot;url&quot;:&quot;&quot;,&quot;id&quot;:&quot;&quot;,&quot;size&quot;:&quot;&quot;},&quot;jet_parallax_layout_speed&quot;:{&quot;unit&quot;:&quot;%&quot;,&quot;size&quot;:50,&quot;sizes&quot;:[]},&quot;jet_parallax_layout_type&quot;:&quot;scroll&quot;,&quot;jet_parallax_layout_direction&quot;:&quot;1&quot;,&quot;jet_parallax_layout_fx_direction&quot;:null,&quot;jet_parallax_layout_z_index&quot;:&quot;&quot;,&quot;jet_parallax_layout_bg_x&quot;:50,&quot;jet_parallax_layout_bg_x_tablet&quot;:&quot;&quot;,&quot;jet_parallax_layout_bg_x_mobile&quot;:&quot;&quot;,&quot;jet_parallax_layout_bg_y&quot;:50,&quot;jet_parallax_layout_bg_y_tablet&quot;:&quot;&quot;,&quot;jet_parallax_layout_bg_y_mobile&quot;:&quot;&quot;,&quot;jet_parallax_layout_bg_size&quot;:&quot;auto&quot;,&quot;jet_parallax_layout_bg_size_tablet&quot;:&quot;&quot;,&quot;jet_parallax_layout_bg_size_mobile&quot;:&quot;&quot;,&quot;jet_parallax_layout_animation_prop&quot;:&quot;transform&quot;,&quot;jet_parallax_layout_on&quot;:[&quot;desktop&quot;,&quot;tablet&quot;]}],&quot;background_background&quot;:&quot;classic&quot;}\">\n\t\t\t\t\t\t\t<div class=\"elementor-background-overlay\"><\/div>\n\t\t\t\t\t\t\t<div class=\"elementor-container elementor-column-gap-default\">\n\t\t\t\t\t<div class=\"elementor-column elementor-col-100 elementor-top-column elementor-element elementor-element-dac31e9\" data-id=\"dac31e9\" data-element_type=\"column\" data-e-type=\"column\">\n\t\t\t<div class=\"elementor-widget-wrap\">\n\t\t\t\t\t\t\t<\/div>\n\t\t<\/div>\n\t\t\t\t\t<\/div>\n\t\t<\/section>\n\t\t\t\t<section class=\"elementor-section elementor-top-section elementor-element elementor-element-4132d95 elementor-section-boxed elementor-section-height-default elementor-section-height-default\" data-id=\"4132d95\" data-element_type=\"section\" data-e-type=\"section\" data-settings=\",&quot;_id&quot;:&quot;38956e7&quot;,&quot;jet_parallax_layout_image_tablet&quot;:{&quot;url&quot;:&quot;&quot;,&quot;id&quot;:&quot;&quot;,&quot;size&quot;:&quot;&quot;},&quot;jet_parallax_layout_image_mobile&quot;:{&quot;url&quot;:&quot;&quot;,&quot;id&quot;:&quot;&quot;,&quot;size&quot;:&quot;&quot;},&quot;jet_parallax_layout_speed&quot;:{&quot;unit&quot;:&quot;%&quot;,&quot;size&quot;:50,&quot;sizes&quot;:[]},&quot;jet_parallax_layout_type&quot;:&quot;scroll&quot;,&quot;jet_parallax_layout_direction&quot;:&quot;1&quot;,&quot;jet_parallax_layout_fx_direction&quot;:null,&quot;jet_parallax_layout_z_index&quot;:&quot;&quot;,&quot;jet_parallax_layout_bg_x&quot;:50,&quot;jet_parallax_layout_bg_x_tablet&quot;:&quot;&quot;,&quot;jet_parallax_layout_bg_x_mobile&quot;:&quot;&quot;,&quot;jet_parallax_layout_bg_y&quot;:50,&quot;jet_parallax_layout_bg_y_tablet&quot;:&quot;&quot;,&quot;jet_parallax_layout_bg_y_mobile&quot;:&quot;&quot;,&quot;jet_parallax_layout_bg_size&quot;:&quot;auto&quot;,&quot;jet_parallax_layout_bg_size_tablet&quot;:&quot;&quot;,&quot;jet_parallax_layout_bg_size_mobile&quot;:&quot;&quot;,&quot;jet_parallax_layout_animation_prop&quot;:&quot;transform&quot;,&quot;jet_parallax_layout_on&quot;:[&quot;desktop&quot;,&quot;tablet&quot;]}]}\">\n\t\t\t\t\t\t<div class=\"elementor-container elementor-column-gap-default\">\n\t\t\t\t\t<div class=\"elementor-column elementor-col-100 elementor-top-column elementor-element elementor-element-ed4ef40\" data-id=\"ed4ef40\" data-element_type=\"column\" data-e-type=\"column\">\n\t\t\t<div class=\"elementor-widget-wrap elementor-element-populated\">\n\t\t\t\t\t\t<div class=\"elementor-element elementor-element-7a4b7bc elementor-widget elementor-widget-heading\" data-id=\"7a4b7bc\" data-element_type=\"widget\" data-e-type=\"widget\" data-widget_type=\"heading.default\">\n\t\t\t\t<div class=\"elementor-widget-container\">\n\t\t\t\t\t<h1 class=\"elementor-heading-title elementor-size-default\">Location de Voiliers \u00e0 Marbella<\/h1>\t\t\t\t<\/div>\n\t\t\t\t<\/div>\n\t\t\t\t<div class=\"elementor-element elementor-element-e6c0c41 elementor-widget elementor-widget-text-editor\" data-id=\"e6c0c41\" data-element_type=\"widget\" data-e-type=\"widget\" data-widget_type=\"text-editor.default\">\n\t\t\t\t<div class=\"elementor-widget-container\">\n\t\t\t\t\t\t\t\t\t<p>La <strong>location de voiliers \u00e0 Marbella et Puerto Ban\u00fas<\/strong> est de plus en plus demand\u00e9e. C\u2019est une option accessible \u00e0 la plupart des budgets, tout en conservant une image exclusive pour une client\u00e8le recherchant une exp\u00e9rience plus haut de gamme. Chez <strong>Marbella Boat Charter<\/strong>, nous proposons un large choix de voiliers \u00e0 louer, car notre objectif est d\u2019offrir un <strong>service de grande qualit\u00e9<\/strong> et de faire en sorte que vous profitiez pleinement de votre navigation.<\/p>\n\n<p>Le <strong>climat de Marbella<\/strong> rend la <strong>navigation \u00e0 voile<\/strong> id\u00e9ale pendant la majeure partie de l\u2019ann\u00e9e, aussi bien en hiver qu\u2019en \u00e9t\u00e9. Cela signifie que vous pouvez louer un voilier \u00e0 Marbella et Puerto Ban\u00fas aussi bien en <strong>haute saison qu\u2019en basse saison<\/strong>, cette derni\u00e8re permettant g\u00e9n\u00e9ralement de <strong>r\u00e9duire le co\u00fbt de la location<\/strong>.<\/p>\n\n<p>Profitez d\u2019une <strong>journ\u00e9e paisible en mer<\/strong>, admirez un magnifique <strong>coucher de soleil<\/strong>, prenez le soleil ou baignez-vous : l\u2019essentiel est de vous d\u00e9tendre et de profiter du moment. Notre entreprise est fi\u00e8re d\u2019offrir un service de qualit\u00e9 fond\u00e9 sur un <strong>accompagnement personnalis\u00e9<\/strong>, le souci du d\u00e9tail et le sens de l\u2019esth\u00e9tique.<\/p>\n\n<p>Nous sommes l\u00e0 pour vous aider \u00e0 profiter de la <strong>Costa del Sol<\/strong> et \u00e0 d\u00e9couvrir sa beaut\u00e9 gr\u00e2ce \u00e0 la <strong>location de bateaux<\/strong>. Nous proposons tout ce dont vous pourriez avoir besoin, y compris des <strong>activit\u00e9s nautiques<\/strong>, de la p\u00eache, des sports nautiques et un <strong>service de catering<\/strong>. En r\u00e9sum\u00e9, nous mettons tout \u00e0 votre port\u00e9e pour que vous viviez une <strong>exp\u00e9rience exceptionnelle<\/strong> sans avoir \u00e0 vous soucier de rien.<\/p>\t\t\t\t\t\t\t\t<\/div>\n\t\t\t\t<\/div>\n\t\t\t\t\t<\/div>\n\t\t<\/div>\n\t\t\t\t\t<\/div>\n\t\t<\/section>\n\t\t\t\t<section class=\"elementor-section elementor-top-section elementor-element elementor-element-490ebbd elementor-section-boxed elementor-section-height-default elementor-section-height-default\" data-id=\"490ebbd\" data-element_type=\"section\" data-e-type=\"section\" data-settings=\"{&quot;jet_parallax_layout_list&quot;:[]}\">\n\t\t\t\t\t\t<div class=\"elementor-container elementor-column-gap-default\">\n\t\t\t\t\t<div class=\"elementor-column elementor-col-100 elementor-top-column elementor-element elementor-element-0a30622\" data-id=\"0a30622\" data-element_type=\"column\" data-e-type=\"column\">\n\t\t\t<div class=\"elementor-widget-wrap elementor-element-populated\">\n\t\t\t\t\t\t<div class=\"elementor-element elementor-element-7d701cd elementor-widget-divider--view-line elementor-widget elementor-widget-divider\" data-id=\"7d701cd\" data-element_type=\"widget\" data-e-type=\"widget\" data-widget_type=\"divider.default\">\n\t\t\t\t<div class=\"elementor-widget-container\">\n\t\t\t\t\t\t\t<div class=\"elementor-divider\">\n\t\t\t<span class=\"elementor-divider-separator\">\n\t\t\t\t\t\t<\/span>\n\t\t<\/div>\n\t\t\t\t\t\t<\/div>\n\t\t\t\t<\/div>\n\t\t\t\t\t<\/div>\n\t\t<\/div>\n\t\t\t\t\t<\/div>\n\t\t<\/section>\n\t\t\t\t<section class=\"elementor-section elementor-top-section elementor-element elementor-element-cafe806 elementor-section-boxed elementor-section-height-default elementor-section-height-default\" data-id=\"cafe806\" data-element_type=\"section\" data-e-type=\"section\" data-settings=\"{&quot;jet_parallax_layout_list&quot;:[]}\">\n\t\t\t\t\t\t<div class=\"elementor-container elementor-column-gap-default\">\n\t\t\t\t\t<div class=\"elementor-column elementor-col-50 elementor-top-column elementor-element elementor-element-4bdcdee\" data-id=\"4bdcdee\" data-element_type=\"column\" data-e-type=\"column\">\n\t\t\t<div class=\"elementor-widget-wrap elementor-element-populated\">\n\t\t\t\t\t\t<div class=\"elementor-element elementor-element-f5b0aad elementor-widget elementor-widget-image\" data-id=\"f5b0aad\" data-element_type=\"widget\" data-e-type=\"widget\" data-widget_type=\"image.default\">\n\t\t\t\t<div class=\"elementor-widget-container\">\n\t\t\t\t\t\t\t\t\t\t\t\t\t\t\t<img fetchpriority=\"high\" decoding=\"async\" width=\"750\" height=\"713\" src=\"https:\/\/marbellaboatcharter.com\/wp-content\/uploads\/2022\/04\/sailboat-rental-marbella-1.jpg\" class=\"attachment-large size-large wp-image-2730\" alt=\"\" srcset=\"https:\/\/marbellaboatcharter.com\/wp-content\/uploads\/2022\/04\/sailboat-rental-marbella-1.jpg 750w, https:\/\/marbellaboatcharter.com\/wp-content\/uploads\/2022\/04\/sailboat-rental-marbella-1-300x285.jpg 300w\" sizes=\"(max-width: 750px) 100vw, 750px\" title=\"\">\t\t\t\t\t\t\t\t\t\t\t\t\t\t\t<\/div>\n\t\t\t\t<\/div>\n\t\t\t\t\t<\/div>\n\t\t<\/div>\n\t\t\t\t<div class=\"elementor-column elementor-col-50 elementor-top-column elementor-element elementor-element-f4a1609\" data-id=\"f4a1609\" data-element_type=\"column\" data-e-type=\"column\">\n\t\t\t<div class=\"elementor-widget-wrap elementor-element-populated\">\n\t\t\t\t\t\t<div class=\"elementor-element elementor-element-61e5fd6 elementor-widget elementor-widget-heading\" data-id=\"61e5fd6\" data-element_type=\"widget\" data-e-type=\"widget\" data-widget_type=\"heading.default\">\n\t\t\t\t<div class=\"elementor-widget-container\">\n\t\t\t\t\t<h2 class=\"elementor-heading-title elementor-size-default\">Qu\u2019est-ce qui est inclus dans la location de voilier avec Marbella Boat Charter ?<\/h2>\t\t\t\t<\/div>\n\t\t\t\t<\/div>\n\t\t\t\t<div class=\"elementor-element elementor-element-1f8b959 elementor-widget elementor-widget-text-editor\" data-id=\"1f8b959\" data-element_type=\"widget\" data-e-type=\"widget\" data-widget_type=\"text-editor.default\">\n\t\t\t\t<div class=\"elementor-widget-container\">\n\t\t\t\t\t\t\t\t\t<p>Nous proposons des services de <strong>location de voiliers \u00e0 Marbella et Puerto Ban\u00fas<\/strong> \u00e0 partir de <strong>quatre heures<\/strong>, avec une capacit\u00e9 pouvant aller jusqu\u2019\u00e0 <strong>11 passagers<\/strong> \u00e0 bord.<\/p>\n\n<p>Les <strong>locations avec \u00e9quipage<\/strong> incluent g\u00e9n\u00e9ralement dans le prix (\u00e0 v\u00e9rifier selon les caract\u00e9ristiques de chaque bateau) :<\/p>\n\n<ul>\n    <li>l\u2019<strong>amarrage au port de base<\/strong><\/li>\n    <li>les <strong>boissons sans alcool<\/strong><\/li>\n    <li>les <strong>amuse-bouches<\/strong><\/li>\n    <li>l\u2019<strong>\u00e9quipage<\/strong><\/li>\n<\/ul>\t\t\t\t\t\t\t\t<\/div>\n\t\t\t\t<\/div>\n\t\t\t\t\t<\/div>\n\t\t<\/div>\n\t\t\t\t\t<\/div>\n\t\t<\/section>\n\t\t\t\t<section class=\"elementor-section elementor-top-section elementor-element elementor-element-7cbdf59 elementor-section-height-min-height elementor-section-boxed elementor-section-height-default elementor-section-items-middle\" data-id=\"7cbdf59\" data-element_type=\"section\" data-e-type=\"section\" data-settings=\"{&quot;jet_parallax_layout_list&quot;:[],&quot;background_background&quot;:&quot;classic&quot;}\">\n\t\t\t\t\t\t<div class=\"elementor-container elementor-column-gap-default\">\n\t\t\t\t\t<div class=\"elementor-column elementor-col-100 elementor-top-column elementor-element elementor-element-8f3bb3a\" data-id=\"8f3bb3a\" data-element_type=\"column\" data-e-type=\"column\">\n\t\t\t<div class=\"elementor-widget-wrap\">\n\t\t\t\t\t\t\t<\/div>\n\t\t<\/div>\n\t\t\t\t\t<\/div>\n\t\t<\/section>\n\t\t\t\t<section class=\"elementor-section elementor-top-section elementor-element elementor-element-b51b5fe elementor-section-boxed elementor-section-height-default elementor-section-height-default\" data-id=\"b51b5fe\" data-element_type=\"section\" data-e-type=\"section\" data-settings=\"{&quot;background_background&quot;:&quot;classic&quot;,&quot;jet_parallax_layout_list&quot;:[{&quot;_id&quot;:&quot;8f31c1d&quot;,&quot;jet_parallax_layout_image&quot;:{&quot;url&quot;:&quot;&quot;,&quot;id&quot;:&quot;&quot;,&quot;size&quot;:&quot;&quot;},&quot;jet_parallax_layout_image_tablet&quot;:{&quot;url&quot;:&quot;&quot;,&quot;id&quot;:&quot;&quot;,&quot;size&quot;:&quot;&quot;},&quot;jet_parallax_layout_image_mobile&quot;:{&quot;url&quot;:&quot;&quot;,&quot;id&quot;:&quot;&quot;,&quot;size&quot;:&quot;&quot;},&quot;jet_parallax_layout_speed&quot;:{&quot;unit&quot;:&quot;%&quot;,&quot;size&quot;:50,&quot;sizes&quot;:[]},&quot;jet_parallax_layout_type&quot;:&quot;scroll&quot;,&quot;jet_parallax_layout_direction&quot;:&quot;1&quot;,&quot;jet_parallax_layout_fx_direction&quot;:null,&quot;jet_parallax_layout_z_index&quot;:&quot;&quot;,&quot;jet_parallax_layout_bg_x&quot;:50,&quot;jet_parallax_layout_bg_x_tablet&quot;:&quot;&quot;,&quot;jet_parallax_layout_bg_x_mobile&quot;:&quot;&quot;,&quot;jet_parallax_layout_bg_y&quot;:50,&quot;jet_parallax_layout_bg_y_tablet&quot;:&quot;&quot;,&quot;jet_parallax_layout_bg_y_mobile&quot;:&quot;&quot;,&quot;jet_parallax_layout_bg_size&quot;:&quot;auto&quot;,&quot;jet_parallax_layout_bg_size_tablet&quot;:&quot;&quot;,&quot;jet_parallax_layout_bg_size_mobile&quot;:&quot;&quot;,&quot;jet_parallax_layout_animation_prop&quot;:&quot;transform&quot;,&quot;jet_parallax_layout_on&quot;:[&quot;desktop&quot;,&quot;tablet&quot;]}]}\">\n\t\t\t\t\t\t\t<div class=\"elementor-background-overlay\"><\/div>\n\t\t\t\t\t\t\t<div class=\"elementor-container elementor-column-gap-no\">\n\t\t\t\t\t<div class=\"elementor-column elementor-col-100 elementor-top-column elementor-element elementor-element-83e44f2\" data-id=\"83e44f2\" data-element_type=\"column\" data-e-type=\"column\" data-settings=\"{&quot;background_background&quot;:&quot;classic&quot;}\">\n\t\t\t<div class=\"elementor-widget-wrap elementor-element-populated\">\n\t\t\t\t\t\t<div class=\"elementor-element elementor-element-195ffa3 elementor-widget elementor-widget-heading\" data-id=\"195ffa3\" data-element_type=\"widget\" data-e-type=\"widget\" data-widget_type=\"heading.default\">\n\t\t\t\t<div class=\"elementor-widget-container\">\n\t\t\t\t\t<h3 class=\"elementor-heading-title elementor-size-default\">Un large choix de voiliers \u00e0 louer \u00e0 Marbella et Puerto Ban\u00fas<\/h3>\t\t\t\t<\/div>\n\t\t\t\t<\/div>\n\t\t\t\t<div class=\"elementor-element elementor-element-48868ce elementor-widget elementor-widget-text-editor\" data-id=\"48868ce\" data-element_type=\"widget\" data-e-type=\"widget\" data-widget_type=\"text-editor.default\">\n\t\t\t\t<div class=\"elementor-widget-container\">\n\t\t\t\t\t\t\t\t\t<p>Profitez de la mer d\u2019une mani\u00e8re diff\u00e9rente gr\u00e2ce \u00e0 la <strong>location de voiliers sur la Costa del Sol<\/strong>. Contactez-nous pour recevoir des <strong>informations sans engagement<\/strong>. Notre vaste exp\u00e9rience dans le secteur nous permet d\u2019offrir un <strong>service de qualit\u00e9<\/strong>, centr\u00e9 sur les besoins et les pr\u00e9f\u00e9rences de chaque client.<\/p>\n\n<p>Nous compl\u00e9tons \u00e9galement cette offre avec des activit\u00e9s telles que des <strong>r\u00e9gates \u00e0 la voile<\/strong> et des <strong>concours de p\u00eache<\/strong>. N\u2019h\u00e9sitez plus et vivez une <strong>exp\u00e9rience inoubliable<\/strong>.<\/p>\t\t\t\t\t\t\t\t<\/div>\n\t\t\t\t<\/div>\n\t\t\t\t<div class=\"elementor-element elementor-element-e3fed8f elementor-align-left elementor-widget elementor-widget-button\" data-id=\"e3fed8f\" data-element_type=\"widget\" data-e-type=\"widget\" data-widget_type=\"button.default\">\n\t\t\t\t<div class=\"elementor-widget-container\">\n\t\t\t\t\t\t\t\t\t<div class=\"elementor-button-wrapper\">\n\t\t\t\t\t<a class=\"elementor-button elementor-button-link elementor-size-sm\" href=\"http:\/\/marbellaboatcharter.com\/fr\/yachts-voile\/\">\n\t\t\t\t\t\t<span class=\"elementor-button-content-wrapper\">\n\t\t\t\t\t\t\t\t\t<span class=\"elementor-button-text\">Voir nos voiliers<\/span>\n\t\t\t\t\t<\/span>\n\t\t\t\t\t<\/a>\n\t\t\t\t<\/div>\n\t\t\t\t\t\t\t\t<\/div>\n\t\t\t\t<\/div>\n\t\t\t\t\t<\/div>\n\t\t<\/div>\n\t\t\t\t\t<\/div>\n\t\t<\/section>\n\t\t\t\t<section class=\"elementor-section elementor-top-section elementor-element elementor-element-e6455b3 elementor-section-boxed elementor-section-height-default elementor-section-height-default\" data-id=\"e6455b3\" data-element_type=\"section\" data-e-type=\"section\" data-settings=\"{&quot;jet_parallax_layout_list&quot;:[]}\">\n\t\t\t\t\t\t<div class=\"elementor-container elementor-column-gap-default\">\n\t\t\t\t\t<div class=\"elementor-column elementor-col-33 elementor-top-column elementor-element elementor-element-caa06be\" data-id=\"caa06be\" data-element_type=\"column\" data-e-type=\"column\">\n\t\t\t<div class=\"elementor-widget-wrap elementor-element-populated\">\n\t\t\t\t\t\t<div class=\"elementor-element elementor-element-6caee31 elementor-widget elementor-widget-heading\" data-id=\"6caee31\" data-element_type=\"widget\" data-e-type=\"widget\" data-widget_type=\"heading.default\">\n\t\t\t\t<div class=\"elementor-widget-container\">\n\t\t\t\t\t<h5 class=\"elementor-heading-title elementor-size-default\">faq<\/h5>\t\t\t\t<\/div>\n\t\t\t\t<\/div>\n\t\t\t\t<div class=\"elementor-element elementor-element-a0398e0 elementor-widget-divider--view-line elementor-widget elementor-widget-divider\" data-id=\"a0398e0\" data-element_type=\"widget\" data-e-type=\"widget\" data-widget_type=\"divider.default\">\n\t\t\t\t<div class=\"elementor-widget-container\">\n\t\t\t\t\t\t\t<div class=\"elementor-divider\">\n\t\t\t<span class=\"elementor-divider-separator\">\n\t\t\t\t\t\t<\/span>\n\t\t<\/div>\n\t\t\t\t\t\t<\/div>\n\t\t\t\t<\/div>\n\t\t\t\t\t<\/div>\n\t\t<\/div>\n\t\t\t\t<div class=\"elementor-column elementor-col-66 elementor-top-column elementor-element elementor-element-3a2f55f\" data-id=\"3a2f55f\" data-element_type=\"column\" data-e-type=\"column\">\n\t\t\t<div class=\"elementor-widget-wrap elementor-element-populated\">\n\t\t\t\t\t\t<div class=\"elementor-element elementor-element-0caeff2 elementor-widget elementor-widget-toggle\" data-id=\"0caeff2\" data-element_type=\"widget\" data-e-type=\"widget\" data-settings=\"{&quot;_animation&quot;:&quot;none&quot;}\" data-widget_type=\"toggle.default\">\n\t\t\t\t<div class=\"elementor-widget-container\">\n\t\t\t\t\t\t\t<div class=\"elementor-toggle\">\n\t\t\t\t\t\t\t<div class=\"elementor-toggle-item\">\n\t\t\t\t\t<h6 id=\"elementor-tab-title-1321\" class=\"elementor-tab-title\" data-tab=\"1\" role=\"button\" aria-controls=\"elementor-tab-content-1321\" aria-expanded=\"false\">\n\t\t\t\t\t\t\t\t\t\t\t\t<span class=\"elementor-toggle-icon elementor-toggle-icon-left\" aria-hidden=\"true\">\n\t\t\t\t\t\t\t\t\t\t\t\t\t\t\t<span class=\"elementor-toggle-icon-closed\"><i class=\"fas fa-caret-right\"><\/i><\/span>\n\t\t\t\t\t\t\t\t<span class=\"elementor-toggle-icon-opened\"><i class=\"elementor-toggle-icon-opened fas fa-caret-up\"><\/i><\/span>\n\t\t\t\t\t\t\t\t\t\t\t\t\t<\/span>\n\t\t\t\t\t\t\t\t\t\t\t\t<a class=\"elementor-toggle-title\" tabindex=\"0\">O\u00f9 puis-je louer un voilier \u00e0 Marbella ?<\/a>\n\t\t\t\t\t<\/h6>\n\n\t\t\t\t\t<div id=\"elementor-tab-content-1321\" class=\"elementor-tab-content elementor-clearfix\" data-tab=\"1\" role=\"region\" aria-labelledby=\"elementor-tab-title-1321\"><p>Marbella Boat Charter est votre meilleure option pour la location de voiliers \u00e0 Marbella, avec une s\u00e9lection d\u2019embarcations \u00e0 voile disponibles pour tous types de groupes et de dur\u00e9es de charter. Notre flotte comprend des voiliers monocoques et des catamarans haut de gamme, tous amarr\u00e9s au port de plaisance de Puerto Ban\u00fas, le point de d\u00e9part id\u00e9al pour explorer la Costa del Sol \u00e0 la voile. Nous proposons des charters \u00e0 la demi-journ\u00e9e, \u00e0 la journ\u00e9e compl\u00e8te et sur plusieurs jours, tous avec skipper dipl\u00f4m\u00e9 et \u00e9quipage professionnel inclus, afin que vous puissiez profiter de l\u2019exp\u00e9rience sans avoir besoin de connaissances pr\u00e9alables en navigation. R\u00e9server avec nous est simple, et nous pouvons adapter la sortie \u00e0 vos horaires, \u00e0 vos pr\u00e9f\u00e9rences et \u00e0 votre itin\u00e9raire.<\/p><\/div>\n\t\t\t\t<\/div>\n\t\t\t\t\t\t\t<div class=\"elementor-toggle-item\">\n\t\t\t\t\t<h6 id=\"elementor-tab-title-1322\" class=\"elementor-tab-title\" data-tab=\"2\" role=\"button\" aria-controls=\"elementor-tab-content-1322\" aria-expanded=\"false\">\n\t\t\t\t\t\t\t\t\t\t\t\t<span class=\"elementor-toggle-icon elementor-toggle-icon-left\" aria-hidden=\"true\">\n\t\t\t\t\t\t\t\t\t\t\t\t\t\t\t<span class=\"elementor-toggle-icon-closed\"><i class=\"fas fa-caret-right\"><\/i><\/span>\n\t\t\t\t\t\t\t\t<span class=\"elementor-toggle-icon-opened\"><i class=\"elementor-toggle-icon-opened fas fa-caret-up\"><\/i><\/span>\n\t\t\t\t\t\t\t\t\t\t\t\t\t<\/span>\n\t\t\t\t\t\t\t\t\t\t\t\t<a class=\"elementor-toggle-title\" tabindex=\"0\">Combien co\u00fbte la location d\u2019un voilier \u00e0 Marbella ?<\/a>\n\t\t\t\t\t<\/h6>\n\n\t\t\t\t\t<div id=\"elementor-tab-content-1322\" class=\"elementor-tab-content elementor-clearfix\" data-tab=\"2\" role=\"region\" aria-labelledby=\"elementor-tab-title-1322\">Le prix de la location de voiliers \u00e0 Marbella varie en fonction de l\u2019embarcation choisie, de la dur\u00e9e du charter et de la saison. Comme il s\u2019agit d\u2019embarcations aux caract\u00e9ristiques sp\u00e9cifiques, nous vous recommandons de nous contacter directement afin de recevoir un devis personnalis\u00e9 et d\u00e9taill\u00e9, adapt\u00e9 \u00e0 votre groupe, \u00e0 la date souhait\u00e9e et au type de sortie recherch\u00e9. Dans tous les cas, le prix de nos charters en voilier \u00e0 Marbella inclut toujours le skipper dipl\u00f4m\u00e9 ayant de l\u2019exp\u00e9rience dans les eaux de la Costa del Sol, l\u2019\u00e9quipage n\u00e9cessaire, le carburant, des boissons rafra\u00eechissantes ainsi que des amuse-bouches \u00e0 bord pour tous les passagers. Sans surprise ni frais suppl\u00e9mentaires \u00e0 la fin de la journ\u00e9e.<\/div>\n\t\t\t\t<\/div>\n\t\t\t\t\t\t\t<div class=\"elementor-toggle-item\">\n\t\t\t\t\t<h6 id=\"elementor-tab-title-1323\" class=\"elementor-tab-title\" data-tab=\"3\" role=\"button\" aria-controls=\"elementor-tab-content-1323\" aria-expanded=\"false\">\n\t\t\t\t\t\t\t\t\t\t\t\t<span class=\"elementor-toggle-icon elementor-toggle-icon-left\" aria-hidden=\"true\">\n\t\t\t\t\t\t\t\t\t\t\t\t\t\t\t<span class=\"elementor-toggle-icon-closed\"><i class=\"fas fa-caret-right\"><\/i><\/span>\n\t\t\t\t\t\t\t\t<span class=\"elementor-toggle-icon-opened\"><i class=\"elementor-toggle-icon-opened fas fa-caret-up\"><\/i><\/span>\n\t\t\t\t\t\t\t\t\t\t\t\t\t<\/span>\n\t\t\t\t\t\t\t\t\t\t\t\t<a class=\"elementor-toggle-title\" tabindex=\"0\">Quels types de voiliers sont disponibles \u00e0 la location \u00e0 Marbella ?<\/a>\n\t\t\t\t\t<\/h6>\n\n\t\t\t\t\t<div id=\"elementor-tab-content-1323\" class=\"elementor-tab-content elementor-clearfix\" data-tab=\"3\" role=\"region\" aria-labelledby=\"elementor-tab-title-1323\">Notre flotte de voiliers \u00e0 Marbella comprend aussi bien des voiliers monocoques que des catamarans, comme le Fountaine Pajot 40, qui se distingue par sa stabilit\u00e9, ses vastes ponts et son confort exceptionnel \u00e0 bord. En fonction de votre groupe et de vos pr\u00e9f\u00e9rences, nous vous recommanderons l\u2019embarcation la plus adapt\u00e9e de notre flotte.<\/div>\n\t\t\t\t<\/div>\n\t\t\t\t\t\t\t<div class=\"elementor-toggle-item\">\n\t\t\t\t\t<h6 id=\"elementor-tab-title-1324\" class=\"elementor-tab-title\" data-tab=\"4\" role=\"button\" aria-controls=\"elementor-tab-content-1324\" aria-expanded=\"false\">\n\t\t\t\t\t\t\t\t\t\t\t\t<span class=\"elementor-toggle-icon elementor-toggle-icon-left\" aria-hidden=\"true\">\n\t\t\t\t\t\t\t\t\t\t\t\t\t\t\t<span class=\"elementor-toggle-icon-closed\"><i class=\"fas fa-caret-right\"><\/i><\/span>\n\t\t\t\t\t\t\t\t<span class=\"elementor-toggle-icon-opened\"><i class=\"elementor-toggle-icon-opened fas fa-caret-up\"><\/i><\/span>\n\t\t\t\t\t\t\t\t\t\t\t\t\t<\/span>\n\t\t\t\t\t\t\t\t\t\t\t\t<a class=\"elementor-toggle-title\" tabindex=\"0\">Ai-je besoin d\u2019exp\u00e9rience pour louer un voilier \u00e0 Marbella ?<\/a>\n\t\t\t\t\t<\/h6>\n\n\t\t\t\t\t<div id=\"elementor-tab-content-1324\" class=\"elementor-tab-content elementor-clearfix\" data-tab=\"4\" role=\"region\" aria-labelledby=\"elementor-tab-title-1324\">Aucune exp\u00e9rience pr\u00e9alable en voile ou en navigation n\u2019est n\u00e9cessaire pour profiter de la location d\u2019un voilier \u00e0 Marbella. Tous nos charters en voilier partent avec un skipper dipl\u00f4m\u00e9 et un \u00e9quipage professionnel qui s\u2019occupent d\u2019absolument tout : la navigation, l\u2019envoi et l\u2019affalage des voiles, le cap, la communication avec les autres bateaux, la s\u00e9curit\u00e9 des passagers \u00e0 bord et toute situation pouvant survenir pendant la travers\u00e9e. Votre seule responsabilit\u00e9 est de profiter du voyage. Si vous souhaitez apprendre les notions de base de la voile \u2014 du fonctionnement du vent \u00e0 la man\u0153uvre des voiles \u2014 nos skippers seront ravis de vous les expliquer pendant la sortie. C\u2019est une exp\u00e9rience tout aussi agr\u00e9able, que ce soit pour naviguer dans la plus grande tranquillit\u00e9 ou pour d\u00e9couvrir l\u2019univers passionnant de la voile.<\/div>\n\t\t\t\t<\/div>\n\t\t\t\t\t\t\t<div class=\"elementor-toggle-item\">\n\t\t\t\t\t<h6 id=\"elementor-tab-title-1325\" class=\"elementor-tab-title\" data-tab=\"5\" role=\"button\" aria-controls=\"elementor-tab-content-1325\" aria-expanded=\"false\">\n\t\t\t\t\t\t\t\t\t\t\t\t<span class=\"elementor-toggle-icon elementor-toggle-icon-left\" aria-hidden=\"true\">\n\t\t\t\t\t\t\t\t\t\t\t\t\t\t\t<span class=\"elementor-toggle-icon-closed\"><i class=\"fas fa-caret-right\"><\/i><\/span>\n\t\t\t\t\t\t\t\t<span class=\"elementor-toggle-icon-opened\"><i class=\"elementor-toggle-icon-opened fas fa-caret-up\"><\/i><\/span>\n\t\t\t\t\t\t\t\t\t\t\t\t\t<\/span>\n\t\t\t\t\t\t\t\t\t\t\t\t<a class=\"elementor-toggle-title\" tabindex=\"0\">Quels sont les avantages de louer un voilier plut\u00f4t qu\u2019un yacht \u00e0 moteur \u00e0 Marbella ?<\/a>\n\t\t\t\t\t<\/h6>\n\n\t\t\t\t\t<div id=\"elementor-tab-content-1325\" class=\"elementor-tab-content elementor-clearfix\" data-tab=\"5\" role=\"region\" aria-labelledby=\"elementor-tab-title-1325\">Louer un voilier \u00e0 Marbella plut\u00f4t qu\u2019un yacht \u00e0 moteur pr\u00e9sente plusieurs avantages distinctifs que de nombreux passagers appr\u00e9cient particuli\u00e8rement. Tout d\u2019abord, l\u2019exp\u00e9rience sensorielle offerte par la voile est unique et inimitable : le silence du moteur est remplac\u00e9 par le son du vent dans les voiles, le doux balancement de la coque sur les vagues et la sensation d\u2019avancer uniquement gr\u00e2ce aux forces de la nature. Ensuite, les voiliers et, en particulier, les catamarans, offrent de vastes espaces ext\u00e9rieurs parfaits pour bronzer, lire, \u00e9changer ou simplement contempler l\u2019horizon. En troisi\u00e8me lieu, la navigation \u00e0 voile est plus respectueuse de l\u2019environnement marin, avec une consommation de carburant tr\u00e8s r\u00e9duite. Enfin, d\u2019un point de vue \u00e9conomique, les charters en voilier constituent g\u00e9n\u00e9ralement une option plus accessible pour les groupes qui souhaitent profiter de plusieurs heures en mer avec confort et style.<\/div>\n\t\t\t\t<\/div>\n\t\t\t\t\t\t\t<div class=\"elementor-toggle-item\">\n\t\t\t\t\t<h6 id=\"elementor-tab-title-1326\" class=\"elementor-tab-title\" data-tab=\"6\" role=\"button\" aria-controls=\"elementor-tab-content-1326\" aria-expanded=\"false\">\n\t\t\t\t\t\t\t\t\t\t\t\t<span class=\"elementor-toggle-icon elementor-toggle-icon-left\" aria-hidden=\"true\">\n\t\t\t\t\t\t\t\t\t\t\t\t\t\t\t<span class=\"elementor-toggle-icon-closed\"><i class=\"fas fa-caret-right\"><\/i><\/span>\n\t\t\t\t\t\t\t\t<span class=\"elementor-toggle-icon-opened\"><i class=\"elementor-toggle-icon-opened fas fa-caret-up\"><\/i><\/span>\n\t\t\t\t\t\t\t\t\t\t\t\t\t<\/span>\n\t\t\t\t\t\t\t\t\t\t\t\t<a class=\"elementor-toggle-title\" tabindex=\"0\">Comment r\u00e9server la location d\u2019un voilier \u00e0 Marbella ?<\/a>\n\t\t\t\t\t<\/h6>\n\n\t\t\t\t\t<div id=\"elementor-tab-content-1326\" class=\"elementor-tab-content elementor-clearfix\" data-tab=\"6\" role=\"region\" aria-labelledby=\"elementor-tab-title-1326\">R\u00e9server la location d\u2019un voilier \u00e0 Marbella avec Marbella Boat Charter est un processus tr\u00e8s simple et rapide. Contactez notre \u00e9quipe par t\u00e9l\u00e9phone, e-mail ou WhatsApp \u00e0 tout moment et indiquez-nous le nombre de personnes, la date souhait\u00e9e, le type de charter recherch\u00e9 (demi-journ\u00e9e, journ\u00e9e compl\u00e8te ou plusieurs jours) ainsi que toute pr\u00e9f\u00e9rence particuli\u00e8re pour votre sortie : si vous pr\u00e9f\u00e9rez un catamaran ou un voilier monocoque, si vous recherchez une exp\u00e9rience de navigation active ou simplement un moment de d\u00e9tente \u00e0 bord, si vous avez une occasion sp\u00e9ciale \u00e0 c\u00e9l\u00e9brer, etc. Avec ces informations, notre \u00e9quipe \u00e0 Puerto Ban\u00fas v\u00e9rifiera la disponibilit\u00e9 de la flotte et vous enverra un devis personnalis\u00e9 et d\u00e9taill\u00e9, sans aucun engagement. Une fois la r\u00e9servation confirm\u00e9e, nous vous fournirons tous les d\u00e9tails pratiques pour le jour du d\u00e9part.<\/div>\n\t\t\t\t<\/div>\n\t\t\t\t\t\t\t\t\t\t<script type=\"application\/ld+json\">{\"@context\":\"https:\\\/\\\/schema.org\",\"@type\":\"FAQPage\",\"mainEntity\":[{\"@type\":\"Question\",\"name\":\"O\\u00f9 puis-je louer un voilier \\u00e0 Marbella ?\",\"acceptedAnswer\":{\"@type\":\"Answer\",\"text\":\"<p>Marbella Boat Charter est votre meilleure option pour la location de voiliers \\u00e0 Marbella, avec une s\\u00e9lection d\\u2019embarcations \\u00e0 voile disponibles pour tous types de groupes et de dur\\u00e9es de charter. Notre flotte comprend des voiliers monocoques et des catamarans haut de gamme, tous amarr\\u00e9s au port de plaisance de Puerto Ban\\u00fas, le point de d\\u00e9part id\\u00e9al pour explorer la Costa del Sol \\u00e0 la voile. Nous proposons des charters \\u00e0 la demi-journ\\u00e9e, \\u00e0 la journ\\u00e9e compl\\u00e8te et sur plusieurs jours, tous avec skipper dipl\\u00f4m\\u00e9 et \\u00e9quipage professionnel inclus, afin que vous puissiez profiter de l\\u2019exp\\u00e9rience sans avoir besoin de connaissances pr\\u00e9alables en navigation. R\\u00e9server avec nous est simple, et nous pouvons adapter la sortie \\u00e0 vos horaires, \\u00e0 vos pr\\u00e9f\\u00e9rences et \\u00e0 votre itin\\u00e9raire.<\\\/p>\"}},{\"@type\":\"Question\",\"name\":\"Combien co\\u00fbte la location d\\u2019un voilier \\u00e0 Marbella ?\",\"acceptedAnswer\":{\"@type\":\"Answer\",\"text\":\"Le prix de la location de voiliers \\u00e0 Marbella varie en fonction de l\\u2019embarcation choisie, de la dur\\u00e9e du charter et de la saison. Comme il s\\u2019agit d\\u2019embarcations aux caract\\u00e9ristiques sp\\u00e9cifiques, nous vous recommandons de nous contacter directement afin de recevoir un devis personnalis\\u00e9 et d\\u00e9taill\\u00e9, adapt\\u00e9 \\u00e0 votre groupe, \\u00e0 la date souhait\\u00e9e et au type de sortie recherch\\u00e9. Dans tous les cas, le prix de nos charters en voilier \\u00e0 Marbella inclut toujours le skipper dipl\\u00f4m\\u00e9 ayant de l\\u2019exp\\u00e9rience dans les eaux de la Costa del Sol, l\\u2019\\u00e9quipage n\\u00e9cessaire, le carburant, des boissons rafra\\u00eechissantes ainsi que des amuse-bouches \\u00e0 bord pour tous les passagers. Sans surprise ni frais suppl\\u00e9mentaires \\u00e0 la fin de la journ\\u00e9e.\"}},{\"@type\":\"Question\",\"name\":\"Quels types de voiliers sont disponibles \\u00e0 la location \\u00e0 Marbella ?\",\"acceptedAnswer\":{\"@type\":\"Answer\",\"text\":\"Notre flotte de voiliers \\u00e0 Marbella comprend aussi bien des voiliers monocoques que des catamarans, comme le Fountaine Pajot 40, qui se distingue par sa stabilit\\u00e9, ses vastes ponts et son confort exceptionnel \\u00e0 bord. En fonction de votre groupe et de vos pr\\u00e9f\\u00e9rences, nous vous recommanderons l\\u2019embarcation la plus adapt\\u00e9e de notre flotte.\"}},{\"@type\":\"Question\",\"name\":\"Ai-je besoin d\\u2019exp\\u00e9rience pour louer un voilier \\u00e0 Marbella ?\",\"acceptedAnswer\":{\"@type\":\"Answer\",\"text\":\"Aucune exp\\u00e9rience pr\\u00e9alable en voile ou en navigation n\\u2019est n\\u00e9cessaire pour profiter de la location d\\u2019un voilier \\u00e0 Marbella. Tous nos charters en voilier partent avec un skipper dipl\\u00f4m\\u00e9 et un \\u00e9quipage professionnel qui s\\u2019occupent d\\u2019absolument tout : la navigation, l\\u2019envoi et l\\u2019affalage des voiles, le cap, la communication avec les autres bateaux, la s\\u00e9curit\\u00e9 des passagers \\u00e0 bord et toute situation pouvant survenir pendant la travers\\u00e9e. Votre seule responsabilit\\u00e9 est de profiter du voyage. Si vous souhaitez apprendre les notions de base de la voile \\u2014 du fonctionnement du vent \\u00e0 la man\\u0153uvre des voiles \\u2014 nos skippers seront ravis de vous les expliquer pendant la sortie. C\\u2019est une exp\\u00e9rience tout aussi agr\\u00e9able, que ce soit pour naviguer dans la plus grande tranquillit\\u00e9 ou pour d\\u00e9couvrir l\\u2019univers passionnant de la voile.\"}},{\"@type\":\"Question\",\"name\":\"Quels sont les avantages de louer un voilier plut\\u00f4t qu\\u2019un yacht \\u00e0 moteur \\u00e0 Marbella ?\",\"acceptedAnswer\":{\"@type\":\"Answer\",\"text\":\"Louer un voilier \\u00e0 Marbella plut\\u00f4t qu\\u2019un yacht \\u00e0 moteur pr\\u00e9sente plusieurs avantages distinctifs que de nombreux passagers appr\\u00e9cient particuli\\u00e8rement. Tout d\\u2019abord, l\\u2019exp\\u00e9rience sensorielle offerte par la voile est unique et inimitable : le silence du moteur est remplac\\u00e9 par le son du vent dans les voiles, le doux balancement de la coque sur les vagues et la sensation d\\u2019avancer uniquement gr\\u00e2ce aux forces de la nature. Ensuite, les voiliers et, en particulier, les catamarans, offrent de vastes espaces ext\\u00e9rieurs parfaits pour bronzer, lire, \\u00e9changer ou simplement contempler l\\u2019horizon. En troisi\\u00e8me lieu, la navigation \\u00e0 voile est plus respectueuse de l\\u2019environnement marin, avec une consommation de carburant tr\\u00e8s r\\u00e9duite. Enfin, d\\u2019un point de vue \\u00e9conomique, les charters en voilier constituent g\\u00e9n\\u00e9ralement une option plus accessible pour les groupes qui souhaitent profiter de plusieurs heures en mer avec confort et style.\"}},{\"@type\":\"Question\",\"name\":\"Comment r\\u00e9server la location d\\u2019un voilier \\u00e0 Marbella ?\",\"acceptedAnswer\":{\"@type\":\"Answer\",\"text\":\"R\\u00e9server la location d\\u2019un voilier \\u00e0 Marbella avec Marbella Boat Charter est un processus tr\\u00e8s simple et rapide. Contactez notre \\u00e9quipe par t\\u00e9l\\u00e9phone, e-mail ou WhatsApp \\u00e0 tout moment et indiquez-nous le nombre de personnes, la date souhait\\u00e9e, le type de charter recherch\\u00e9 (demi-journ\\u00e9e, journ\\u00e9e compl\\u00e8te ou plusieurs jours) ainsi que toute pr\\u00e9f\\u00e9rence particuli\\u00e8re pour votre sortie : si vous pr\\u00e9f\\u00e9rez un catamaran ou un voilier monocoque, si vous recherchez une exp\\u00e9rience de navigation active ou simplement un moment de d\\u00e9tente \\u00e0 bord, si vous avez une occasion sp\\u00e9ciale \\u00e0 c\\u00e9l\\u00e9brer, etc. Avec ces informations, notre \\u00e9quipe \\u00e0 Puerto Ban\\u00fas v\\u00e9rifiera la disponibilit\\u00e9 de la flotte et vous enverra un devis personnalis\\u00e9 et d\\u00e9taill\\u00e9, sans aucun engagement. Une fois la r\\u00e9servation confirm\\u00e9e, nous vous fournirons tous les d\\u00e9tails pratiques pour le jour du d\\u00e9part.\"}}]}<\/script>\n\t\t\t\t\t<\/div>\n\t\t\t\t\t\t<\/div>\n\t\t\t\t<\/div>\n\t\t\t\t\t<\/div>\n\t\t<\/div>\n\t\t\t\t\t<\/div>\n\t\t<\/section>\n\t\t\t\t<\/div>\n\t\t","protected":false},"excerpt":{"rendered":"<p>Location de Voiliers \u00e0 Marbella La location de voiliers \u00e0 Marbella et Puerto Ban\u00fas est de plus en plus demand\u00e9e. C\u2019est une option accessible \u00e0 la plupart des budgets, tout en conservant une image exclusive pour une client\u00e8le recherchant une exp\u00e9rience plus haut de gamme. Chez Marbella Boat Charter, nous proposons un large choix de [&hellip;]<\/p>\n","protected":false},"author":1,"featured_media":0,"parent":0,"menu_order":0,"comment_status":"closed","ping_status":"closed","template":"","meta":{"_acf_changed":false,"rs_blank_template":"","rs_page_bg_color":"","slide_template_v7":"","site-sidebar-layout":"no-sidebar","site-content-layout":"page-builder","ast-site-content-layout":"default","site-content-style":"default","site-sidebar-style":"default","ast-global-header-display":"","ast-banner-title-visibility":"","ast-main-header-display":"","ast-hfb-above-header-display":"","ast-hfb-below-header-display":"","ast-hfb-mobile-header-display":"","site-post-title":"disabled","ast-breadcrumbs-content":"","ast-featured-img":"disabled","footer-sml-layout":"","theme-transparent-header-meta":"enabled","adv-header-id-meta":"","stick-header-meta":"","header-above-stick-meta":"","header-main-stick-meta":"","header-below-stick-meta":"","astra-migrate-meta-layouts":"default","ast-page-background-enabled":"default","ast-page-background-meta":{"desktop":{"background-color":"var(--ast-global-color-4)","background-image":"","background-repeat":"repeat","background-position":"center center","background-size":"auto","background-attachment":"scroll","background-type":"","background-media":"","overlay-type":"","overlay-color":"","overlay-opacity":"","overlay-gradient":""},"tablet":{"background-color":"","background-image":"","background-repeat":"repeat","background-position":"center center","background-size":"auto","background-attachment":"scroll","background-type":"","background-media":"","overlay-type":"","overlay-color":"","overlay-opacity":"","overlay-gradient":""},"mobile":{"background-color":"","background-image":"","background-repeat":"repeat","background-position":"center center","background-size":"auto","background-attachment":"scroll","background-type":"","background-media":"","overlay-type":"","overlay-color":"","overlay-opacity":"","overlay-gradient":""}},"ast-content-background-meta":{"desktop":{"background-color":"var(--ast-global-color-5)","background-image":"","background-repeat":"repeat","background-position":"center center","background-size":"auto","background-attachment":"scroll","background-type":"","background-media":"","overlay-type":"","overlay-color":"","overlay-opacity":"","overlay-gradient":""},"tablet":{"background-color":"var(--ast-global-color-5)","background-image":"","background-repeat":"repeat","background-position":"center center","background-size":"auto","background-attachment":"scroll","background-type":"","background-media":"","overlay-type":"","overlay-color":"","overlay-opacity":"","overlay-gradient":""},"mobile":{"background-color":"var(--ast-global-color-5)","background-image":"","background-repeat":"repeat","background-position":"center center","background-size":"auto","background-attachment":"scroll","background-type":"","background-media":"","overlay-type":"","overlay-color":"","overlay-opacity":"","overlay-gradient":""}},"_joinchat":[],"footnotes":""},"class_list":["post-5530","page","type-page","status-publish","hentry"],"acf":[],"_links":{"self":[{"href":"https:\/\/marbellaboatcharter.com\/fr\/wp-json\/wp\/v2\/pages\/5530","targetHints":{"allow":["GET"]}}],"collection":[{"href":"https:\/\/marbellaboatcharter.com\/fr\/wp-json\/wp\/v2\/pages"}],"about":[{"href":"https:\/\/marbellaboatcharter.com\/fr\/wp-json\/wp\/v2\/types\/page"}],"author":[{"embeddable":true,"href":"https:\/\/marbellaboatcharter.com\/fr\/wp-json\/wp\/v2\/users\/1"}],"replies":[{"embeddable":true,"href":"https:\/\/marbellaboatcharter.com\/fr\/wp-json\/wp\/v2\/comments?post=5530"}],"version-history":[{"count":3,"href":"https:\/\/marbellaboatcharter.com\/fr\/wp-json\/wp\/v2\/pages\/5530\/revisions"}],"predecessor-version":[{"id":20611,"href":"https:\/\/marbellaboatcharter.com\/fr\/wp-json\/wp\/v2\/pages\/5530\/revisions\/20611"}],"wp:attachment":[{"href":"https:\/\/marbellaboatcharter.com\/fr\/wp-json\/wp\/v2\/media?parent=5530"}],"curies":[{"name":"wp","href":"https:\/\/api.w.org\/{rel}","templated":true}]}}