{"id":4302,"date":"2022-04-25T13:52:38","date_gmt":"2022-04-25T11:52:38","guid":{"rendered":"http:\/\/marbellaboatcharter.com\/sailboat-rental-marbella\/"},"modified":"2026-04-22T09:26:50","modified_gmt":"2026-04-22T07:26:50","slug":"alquiler-veleros-marbella","status":"publish","type":"page","link":"https:\/\/marbellaboatcharter.com\/es\/alquiler-veleros-marbella\/","title":{"rendered":"Alquiler Veleros Marbella"},"content":{"rendered":"\t\t<div data-elementor-type=\"wp-page\" data-elementor-id=\"4302\" class=\"elementor elementor-4302 elementor-2713\" data-elementor-post-type=\"page\">\n\t\t\t\t\t\t<section class=\"elementor-section elementor-top-section elementor-element elementor-element-bb9724f elementor-section-boxed elementor-section-height-default elementor-section-height-default\" data-id=\"bb9724f\" data-element_type=\"section\" data-e-type=\"section\" data-settings=\",&quot;_id&quot;:&quot;2852815&quot;,&quot;jet_parallax_layout_image_tablet&quot;:{&quot;url&quot;:&quot;&quot;,&quot;id&quot;:&quot;&quot;,&quot;size&quot;:&quot;&quot;},&quot;jet_parallax_layout_image_mobile&quot;:{&quot;url&quot;:&quot;&quot;,&quot;id&quot;:&quot;&quot;,&quot;size&quot;:&quot;&quot;},&quot;jet_parallax_layout_speed&quot;:{&quot;unit&quot;:&quot;%&quot;,&quot;size&quot;:50,&quot;sizes&quot;:[]},&quot;jet_parallax_layout_type&quot;:&quot;scroll&quot;,&quot;jet_parallax_layout_direction&quot;:&quot;1&quot;,&quot;jet_parallax_layout_fx_direction&quot;:null,&quot;jet_parallax_layout_z_index&quot;:&quot;&quot;,&quot;jet_parallax_layout_bg_x&quot;:50,&quot;jet_parallax_layout_bg_x_tablet&quot;:&quot;&quot;,&quot;jet_parallax_layout_bg_x_mobile&quot;:&quot;&quot;,&quot;jet_parallax_layout_bg_y&quot;:50,&quot;jet_parallax_layout_bg_y_tablet&quot;:&quot;&quot;,&quot;jet_parallax_layout_bg_y_mobile&quot;:&quot;&quot;,&quot;jet_parallax_layout_bg_size&quot;:&quot;auto&quot;,&quot;jet_parallax_layout_bg_size_tablet&quot;:&quot;&quot;,&quot;jet_parallax_layout_bg_size_mobile&quot;:&quot;&quot;,&quot;jet_parallax_layout_animation_prop&quot;:&quot;transform&quot;,&quot;jet_parallax_layout_on&quot;:[&quot;desktop&quot;,&quot;tablet&quot;]}],&quot;background_background&quot;:&quot;classic&quot;}\">\n\t\t\t\t\t\t\t<div class=\"elementor-background-overlay\"><\/div>\n\t\t\t\t\t\t\t<div class=\"elementor-container elementor-column-gap-default\">\n\t\t\t\t\t<div class=\"elementor-column elementor-col-100 elementor-top-column elementor-element elementor-element-dac31e9\" data-id=\"dac31e9\" data-element_type=\"column\" data-e-type=\"column\">\n\t\t\t<div class=\"elementor-widget-wrap\">\n\t\t\t\t\t\t\t<\/div>\n\t\t<\/div>\n\t\t\t\t\t<\/div>\n\t\t<\/section>\n\t\t\t\t<section class=\"elementor-section elementor-top-section elementor-element elementor-element-4132d95 elementor-section-boxed elementor-section-height-default elementor-section-height-default\" data-id=\"4132d95\" data-element_type=\"section\" data-e-type=\"section\" data-settings=\",&quot;_id&quot;:&quot;38956e7&quot;,&quot;jet_parallax_layout_image_tablet&quot;:{&quot;url&quot;:&quot;&quot;,&quot;id&quot;:&quot;&quot;,&quot;size&quot;:&quot;&quot;},&quot;jet_parallax_layout_image_mobile&quot;:{&quot;url&quot;:&quot;&quot;,&quot;id&quot;:&quot;&quot;,&quot;size&quot;:&quot;&quot;},&quot;jet_parallax_layout_speed&quot;:{&quot;unit&quot;:&quot;%&quot;,&quot;size&quot;:50,&quot;sizes&quot;:[]},&quot;jet_parallax_layout_type&quot;:&quot;scroll&quot;,&quot;jet_parallax_layout_direction&quot;:&quot;1&quot;,&quot;jet_parallax_layout_fx_direction&quot;:null,&quot;jet_parallax_layout_z_index&quot;:&quot;&quot;,&quot;jet_parallax_layout_bg_x&quot;:50,&quot;jet_parallax_layout_bg_x_tablet&quot;:&quot;&quot;,&quot;jet_parallax_layout_bg_x_mobile&quot;:&quot;&quot;,&quot;jet_parallax_layout_bg_y&quot;:50,&quot;jet_parallax_layout_bg_y_tablet&quot;:&quot;&quot;,&quot;jet_parallax_layout_bg_y_mobile&quot;:&quot;&quot;,&quot;jet_parallax_layout_bg_size&quot;:&quot;auto&quot;,&quot;jet_parallax_layout_bg_size_tablet&quot;:&quot;&quot;,&quot;jet_parallax_layout_bg_size_mobile&quot;:&quot;&quot;,&quot;jet_parallax_layout_animation_prop&quot;:&quot;transform&quot;,&quot;jet_parallax_layout_on&quot;:[&quot;desktop&quot;,&quot;tablet&quot;]}]}\">\n\t\t\t\t\t\t<div class=\"elementor-container elementor-column-gap-default\">\n\t\t\t\t\t<div class=\"elementor-column elementor-col-100 elementor-top-column elementor-element elementor-element-ed4ef40\" data-id=\"ed4ef40\" data-element_type=\"column\" data-e-type=\"column\">\n\t\t\t<div class=\"elementor-widget-wrap elementor-element-populated\">\n\t\t\t\t\t\t<div class=\"elementor-element elementor-element-7a4b7bc elementor-widget elementor-widget-heading\" data-id=\"7a4b7bc\" data-element_type=\"widget\" data-e-type=\"widget\" data-widget_type=\"heading.default\">\n\t\t\t\t<div class=\"elementor-widget-container\">\n\t\t\t\t\t<h1 class=\"elementor-heading-title elementor-size-default\">Alquiler Veleros Marbella<\/h1>\t\t\t\t<\/div>\n\t\t\t\t<\/div>\n\t\t\t\t<div class=\"elementor-element elementor-element-e6c0c41 elementor-widget elementor-widget-text-editor\" data-id=\"e6c0c41\" data-element_type=\"widget\" data-e-type=\"widget\" data-widget_type=\"text-editor.default\">\n\t\t\t\t<div class=\"elementor-widget-container\">\n\t\t\t\t\t\t\t\t\t<p>El <strong>Alquiler de Veleros en Marbella y Puerto Ban\u00fas<\/strong> es una actividad cada vez m\u00e1s demandada que est\u00e1 al alcance de muchos bolsillos aunque puede parecer exclusiva para personas con alto poder adquisitivo. En Marbella Boat Charter disponemos de una <strong>amplia variedad de veleros para alquilar<\/strong>, porque nuestro objetivo es ofrecer un servicio de calidad y conseguir que disfrut\u00e9is de la navegaci\u00f3n.<\/p><p>El clima que ofrece Marbella hace perfecta la navegaci\u00f3n en velero la mayor\u00eda de los d\u00edas del a\u00f1o, ya sea invierno o verano. Este hecho, permite el alquiler de veleros en Marbella y Puerto Ban\u00fas en temporada alto y en temporada baja, reduciendo su coste en esta \u00faltima.<\/p><p>Pasa un d\u00eda tranquilo en el mar, del\u00e9itate con una puesta de sol preciosa, disfruta tomando el sol y ba\u00f1\u00e1ndote \u2026 lo importante es relajarse y disfrutar. Somos una empresa que se preocupa por ofrecer un servicio de calidad basado en el trato cercano, el cuidado de los peque\u00f1os detalles y la est\u00e9tica.<\/p><p>Nos ponemos a tu entera disposici\u00f3n para ayudarte a disfrutar de la Costa del Sol y a descubrir toda su belleza gracias al <strong>alquiler de veleros<\/strong>. Te ofrecemos todos los servicios que puedas necesitar incluyendo actividades n\u00e1uticas, <a href=\"\/es\/pesca-barco-marbella\/\">pesca<\/a>, deportes acu\u00e1ticos, <a href=\"\/es\/cateringcharter\/\">servicios de catering<\/a> \u2026 En definitiva, ponemos a tu alcance todo para que disfrutes de una experiencia agradable sin preocuparte por nada.<\/p>\t\t\t\t\t\t\t\t<\/div>\n\t\t\t\t<\/div>\n\t\t\t\t\t<\/div>\n\t\t<\/div>\n\t\t\t\t\t<\/div>\n\t\t<\/section>\n\t\t\t\t<section class=\"elementor-section elementor-top-section elementor-element elementor-element-490ebbd elementor-section-boxed elementor-section-height-default elementor-section-height-default\" data-id=\"490ebbd\" data-element_type=\"section\" data-e-type=\"section\" data-settings=\"{&quot;jet_parallax_layout_list&quot;:[]}\">\n\t\t\t\t\t\t<div class=\"elementor-container elementor-column-gap-default\">\n\t\t\t\t\t<div class=\"elementor-column elementor-col-100 elementor-top-column elementor-element elementor-element-0a30622\" data-id=\"0a30622\" data-element_type=\"column\" data-e-type=\"column\">\n\t\t\t<div class=\"elementor-widget-wrap elementor-element-populated\">\n\t\t\t\t\t\t<div class=\"elementor-element elementor-element-7d701cd elementor-widget-divider--view-line elementor-widget elementor-widget-divider\" data-id=\"7d701cd\" data-element_type=\"widget\" data-e-type=\"widget\" data-widget_type=\"divider.default\">\n\t\t\t\t<div class=\"elementor-widget-container\">\n\t\t\t\t\t\t\t<div class=\"elementor-divider\">\n\t\t\t<span class=\"elementor-divider-separator\">\n\t\t\t\t\t\t<\/span>\n\t\t<\/div>\n\t\t\t\t\t\t<\/div>\n\t\t\t\t<\/div>\n\t\t\t\t\t<\/div>\n\t\t<\/div>\n\t\t\t\t\t<\/div>\n\t\t<\/section>\n\t\t\t\t<section class=\"elementor-section elementor-top-section elementor-element elementor-element-cafe806 elementor-section-boxed elementor-section-height-default elementor-section-height-default\" data-id=\"cafe806\" data-element_type=\"section\" data-e-type=\"section\" data-settings=\"{&quot;jet_parallax_layout_list&quot;:[]}\">\n\t\t\t\t\t\t<div class=\"elementor-container elementor-column-gap-default\">\n\t\t\t\t\t<div class=\"elementor-column elementor-col-50 elementor-top-column elementor-element elementor-element-4bdcdee\" data-id=\"4bdcdee\" data-element_type=\"column\" data-e-type=\"column\">\n\t\t\t<div class=\"elementor-widget-wrap elementor-element-populated\">\n\t\t\t\t\t\t<div class=\"elementor-element elementor-element-f5b0aad elementor-widget elementor-widget-image\" data-id=\"f5b0aad\" data-element_type=\"widget\" data-e-type=\"widget\" data-widget_type=\"image.default\">\n\t\t\t\t<div class=\"elementor-widget-container\">\n\t\t\t\t\t\t\t\t\t\t\t\t\t\t\t<img fetchpriority=\"high\" decoding=\"async\" width=\"750\" height=\"713\" src=\"https:\/\/marbellaboatcharter.com\/wp-content\/uploads\/2022\/04\/sailboat-rental-marbella-1.jpg\" class=\"attachment-large size-large wp-image-2731\" alt=\"\" srcset=\"https:\/\/marbellaboatcharter.com\/wp-content\/uploads\/2022\/04\/sailboat-rental-marbella-1.jpg 750w, https:\/\/marbellaboatcharter.com\/wp-content\/uploads\/2022\/04\/sailboat-rental-marbella-1-300x285.jpg 300w\" sizes=\"(max-width: 750px) 100vw, 750px\" title=\"\">\t\t\t\t\t\t\t\t\t\t\t\t\t\t\t<\/div>\n\t\t\t\t<\/div>\n\t\t\t\t\t<\/div>\n\t\t<\/div>\n\t\t\t\t<div class=\"elementor-column elementor-col-50 elementor-top-column elementor-element elementor-element-f4a1609\" data-id=\"f4a1609\" data-element_type=\"column\" data-e-type=\"column\">\n\t\t\t<div class=\"elementor-widget-wrap elementor-element-populated\">\n\t\t\t\t\t\t<div class=\"elementor-element elementor-element-61e5fd6 elementor-widget elementor-widget-heading\" data-id=\"61e5fd6\" data-element_type=\"widget\" data-e-type=\"widget\" data-widget_type=\"heading.default\">\n\t\t\t\t<div class=\"elementor-widget-container\">\n\t\t\t\t\t<h2 class=\"elementor-heading-title elementor-size-default\">\u00bfQu\u00e9 incluye el alquiler de veleros con Marbella Boat Charter?<\/h2>\t\t\t\t<\/div>\n\t\t\t\t<\/div>\n\t\t\t\t<div class=\"elementor-element elementor-element-1f8b959 elementor-widget elementor-widget-text-editor\" data-id=\"1f8b959\" data-element_type=\"widget\" data-e-type=\"widget\" data-widget_type=\"text-editor.default\">\n\t\t\t\t<div class=\"elementor-widget-container\">\n\t\t\t\t\t\t\t\t\t<p>Ofrecemos servicios de <b>Alquiler de Veleros en Marbella y Puerto Ban\u00fas<\/b> desde 4 horas y con capacidad m\u00e1xima de hasta 11 pasajeros en crucero.&nbsp;<span style=\"font-style: inherit; font-weight: inherit;\">Los alquileres con tripulaci\u00f3n suelen incluir en el precio (consultar las especificaciones de cada velero):<\/span><\/p>\n<ul>\n<li>Atraque en puerto base<\/li>\n<li>Refrescos<\/li>\n<li>Snacks<\/li>\n<li>Tripulaci\u00f3n<\/li>\n<\/ul>\n<p><br><\/p>\t\t\t\t\t\t\t\t<\/div>\n\t\t\t\t<\/div>\n\t\t\t\t\t<\/div>\n\t\t<\/div>\n\t\t\t\t\t<\/div>\n\t\t<\/section>\n\t\t\t\t<section class=\"elementor-section elementor-top-section elementor-element elementor-element-7cbdf59 elementor-section-height-min-height elementor-section-boxed elementor-section-height-default elementor-section-items-middle\" data-id=\"7cbdf59\" data-element_type=\"section\" data-e-type=\"section\" data-settings=\"{&quot;jet_parallax_layout_list&quot;:[],&quot;background_background&quot;:&quot;classic&quot;}\">\n\t\t\t\t\t\t<div class=\"elementor-container elementor-column-gap-default\">\n\t\t\t\t\t<div class=\"elementor-column elementor-col-100 elementor-top-column elementor-element elementor-element-8f3bb3a\" data-id=\"8f3bb3a\" data-element_type=\"column\" data-e-type=\"column\">\n\t\t\t<div class=\"elementor-widget-wrap\">\n\t\t\t\t\t\t\t<\/div>\n\t\t<\/div>\n\t\t\t\t\t<\/div>\n\t\t<\/section>\n\t\t\t\t<section class=\"elementor-section elementor-top-section elementor-element elementor-element-b51b5fe elementor-section-boxed elementor-section-height-default elementor-section-height-default\" data-id=\"b51b5fe\" data-element_type=\"section\" data-e-type=\"section\" data-settings=\"{&quot;background_background&quot;:&quot;classic&quot;,&quot;jet_parallax_layout_list&quot;:[{&quot;_id&quot;:&quot;8f31c1d&quot;,&quot;jet_parallax_layout_image&quot;:{&quot;url&quot;:&quot;&quot;,&quot;id&quot;:&quot;&quot;,&quot;size&quot;:&quot;&quot;},&quot;jet_parallax_layout_image_tablet&quot;:{&quot;url&quot;:&quot;&quot;,&quot;id&quot;:&quot;&quot;,&quot;size&quot;:&quot;&quot;},&quot;jet_parallax_layout_image_mobile&quot;:{&quot;url&quot;:&quot;&quot;,&quot;id&quot;:&quot;&quot;,&quot;size&quot;:&quot;&quot;},&quot;jet_parallax_layout_speed&quot;:{&quot;unit&quot;:&quot;%&quot;,&quot;size&quot;:50,&quot;sizes&quot;:[]},&quot;jet_parallax_layout_type&quot;:&quot;scroll&quot;,&quot;jet_parallax_layout_direction&quot;:&quot;1&quot;,&quot;jet_parallax_layout_fx_direction&quot;:null,&quot;jet_parallax_layout_z_index&quot;:&quot;&quot;,&quot;jet_parallax_layout_bg_x&quot;:50,&quot;jet_parallax_layout_bg_x_tablet&quot;:&quot;&quot;,&quot;jet_parallax_layout_bg_x_mobile&quot;:&quot;&quot;,&quot;jet_parallax_layout_bg_y&quot;:50,&quot;jet_parallax_layout_bg_y_tablet&quot;:&quot;&quot;,&quot;jet_parallax_layout_bg_y_mobile&quot;:&quot;&quot;,&quot;jet_parallax_layout_bg_size&quot;:&quot;auto&quot;,&quot;jet_parallax_layout_bg_size_tablet&quot;:&quot;&quot;,&quot;jet_parallax_layout_bg_size_mobile&quot;:&quot;&quot;,&quot;jet_parallax_layout_animation_prop&quot;:&quot;transform&quot;,&quot;jet_parallax_layout_on&quot;:[&quot;desktop&quot;,&quot;tablet&quot;]}]}\">\n\t\t\t\t\t\t\t<div class=\"elementor-background-overlay\"><\/div>\n\t\t\t\t\t\t\t<div class=\"elementor-container elementor-column-gap-no\">\n\t\t\t\t\t<div class=\"elementor-column elementor-col-100 elementor-top-column elementor-element elementor-element-83e44f2\" data-id=\"83e44f2\" data-element_type=\"column\" data-e-type=\"column\" data-settings=\"{&quot;background_background&quot;:&quot;classic&quot;}\">\n\t\t\t<div class=\"elementor-widget-wrap elementor-element-populated\">\n\t\t\t\t\t\t<div class=\"elementor-element elementor-element-195ffa3 elementor-widget elementor-widget-heading\" data-id=\"195ffa3\" data-element_type=\"widget\" data-e-type=\"widget\" data-widget_type=\"heading.default\">\n\t\t\t\t<div class=\"elementor-widget-container\">\n\t\t\t\t\t<h3 class=\"elementor-heading-title elementor-size-default\">Amplia oferta en alquiler de veleros en Marbella y Puerto Ban\u00fas\n\n<\/h3>\t\t\t\t<\/div>\n\t\t\t\t<\/div>\n\t\t\t\t<div class=\"elementor-element elementor-element-48868ce elementor-widget elementor-widget-text-editor\" data-id=\"48868ce\" data-element_type=\"widget\" data-e-type=\"widget\" data-widget_type=\"text-editor.default\">\n\t\t\t\t<div class=\"elementor-widget-container\">\n\t\t\t\t\t\t\t\t\t<p>Disfruta del mar de una forma diferente con el <b>alquiler de veleros en la Costa del Sol<\/b>. Ll\u00e1manos y te informaremos sin compromiso. Nuestra amplia experiencia en el sector, nos permite ofrecer un servicio de calidad, orientado a las necesidades y los gustos de cada cliente.<\/p><p>Adem\u00e1s podr\u00e1s complementarlo con actividades como <a href=\"\/es\/grupos\/\">regata a vela o campeonatos de pesca<\/a>. No lo pienses m\u00e1s y disfruta de una experiencia inolvidable.<\/p>\t\t\t\t\t\t\t\t<\/div>\n\t\t\t\t<\/div>\n\t\t\t\t<div class=\"elementor-element elementor-element-e3fed8f elementor-align-left elementor-widget elementor-widget-button\" data-id=\"e3fed8f\" data-element_type=\"widget\" data-e-type=\"widget\" data-widget_type=\"button.default\">\n\t\t\t\t<div class=\"elementor-widget-container\">\n\t\t\t\t\t\t\t\t\t<div class=\"elementor-button-wrapper\">\n\t\t\t\t\t<a class=\"elementor-button elementor-button-link elementor-size-sm\" href=\"\/es\/veleros\/\">\n\t\t\t\t\t\t<span class=\"elementor-button-content-wrapper\">\n\t\t\t\t\t\t\t\t\t<span class=\"elementor-button-text\">Ver Cat\u00e1logo Alquiler Veleros<\/span>\n\t\t\t\t\t<\/span>\n\t\t\t\t\t<\/a>\n\t\t\t\t<\/div>\n\t\t\t\t\t\t\t\t<\/div>\n\t\t\t\t<\/div>\n\t\t\t\t\t<\/div>\n\t\t<\/div>\n\t\t\t\t\t<\/div>\n\t\t<\/section>\n\t\t\t\t<section class=\"elementor-section elementor-top-section elementor-element elementor-element-addd8a5 elementor-section-boxed elementor-section-height-default elementor-section-height-default\" data-id=\"addd8a5\" data-element_type=\"section\" data-e-type=\"section\" data-settings=\"{&quot;jet_parallax_layout_list&quot;:[]}\">\n\t\t\t\t\t\t<div class=\"elementor-container elementor-column-gap-default\">\n\t\t\t\t\t<div class=\"elementor-column elementor-col-33 elementor-top-column elementor-element elementor-element-a6a4b06\" data-id=\"a6a4b06\" data-element_type=\"column\" data-e-type=\"column\">\n\t\t\t<div class=\"elementor-widget-wrap elementor-element-populated\">\n\t\t\t\t\t\t<div class=\"elementor-element elementor-element-7676c6f elementor-widget elementor-widget-heading\" data-id=\"7676c6f\" data-element_type=\"widget\" data-e-type=\"widget\" data-widget_type=\"heading.default\">\n\t\t\t\t<div class=\"elementor-widget-container\">\n\t\t\t\t\t<h5 class=\"elementor-heading-title elementor-size-default\">faq<\/h5>\t\t\t\t<\/div>\n\t\t\t\t<\/div>\n\t\t\t\t<div class=\"elementor-element elementor-element-3ce6871 elementor-widget-divider--view-line elementor-widget elementor-widget-divider\" data-id=\"3ce6871\" data-element_type=\"widget\" data-e-type=\"widget\" data-widget_type=\"divider.default\">\n\t\t\t\t<div class=\"elementor-widget-container\">\n\t\t\t\t\t\t\t<div class=\"elementor-divider\">\n\t\t\t<span class=\"elementor-divider-separator\">\n\t\t\t\t\t\t<\/span>\n\t\t<\/div>\n\t\t\t\t\t\t<\/div>\n\t\t\t\t<\/div>\n\t\t\t\t\t<\/div>\n\t\t<\/div>\n\t\t\t\t<div class=\"elementor-column elementor-col-66 elementor-top-column elementor-element elementor-element-0e40986\" data-id=\"0e40986\" data-element_type=\"column\" data-e-type=\"column\">\n\t\t\t<div class=\"elementor-widget-wrap elementor-element-populated\">\n\t\t\t\t\t\t<div class=\"elementor-element elementor-element-300e170 elementor-widget elementor-widget-toggle\" data-id=\"300e170\" data-element_type=\"widget\" data-e-type=\"widget\" data-settings=\"{&quot;_animation&quot;:&quot;none&quot;}\" data-widget_type=\"toggle.default\">\n\t\t\t\t<div class=\"elementor-widget-container\">\n\t\t\t\t\t\t\t<div class=\"elementor-toggle\">\n\t\t\t\t\t\t\t<div class=\"elementor-toggle-item\">\n\t\t\t\t\t<h6 id=\"elementor-tab-title-5031\" class=\"elementor-tab-title\" data-tab=\"1\" role=\"button\" aria-controls=\"elementor-tab-content-5031\" aria-expanded=\"false\">\n\t\t\t\t\t\t\t\t\t\t\t\t<span class=\"elementor-toggle-icon elementor-toggle-icon-left\" aria-hidden=\"true\">\n\t\t\t\t\t\t\t\t\t\t\t\t\t\t\t<span class=\"elementor-toggle-icon-closed\"><i class=\"fas fa-caret-right\"><\/i><\/span>\n\t\t\t\t\t\t\t\t<span class=\"elementor-toggle-icon-opened\"><i class=\"elementor-toggle-icon-opened fas fa-caret-up\"><\/i><\/span>\n\t\t\t\t\t\t\t\t\t\t\t\t\t<\/span>\n\t\t\t\t\t\t\t\t\t\t\t\t<a class=\"elementor-toggle-title\" tabindex=\"0\">\u00bfD\u00f3nde puedo alquilar un velero en Marbella?<\/a>\n\t\t\t\t\t<\/h6>\n\n\t\t\t\t\t<div id=\"elementor-tab-content-5031\" class=\"elementor-tab-content elementor-clearfix\" data-tab=\"1\" role=\"region\" aria-labelledby=\"elementor-tab-title-5031\"><p>Marbella Boat Charter es tu mejor opci\u00f3n para el alquiler de veleros en Marbella, con una selecci\u00f3n de embarcaciones de vela disponibles para todo tipo de grupos y duraci\u00f3n de charters. Nuestra flota de veleros incluye veleros mon\u00f3casco y catamaranes de alta gama, todos amarrados en el Puerto Deportivo de Puerto Ban\u00fas, el punto de partida perfecto para explorar la Costa del Sol a vela. Disponemos de charters de medio d\u00eda, d\u00eda completo y varios d\u00edas, todos con patr\u00f3n titulado y tripulaci\u00f3n profesional incluida, para que puedas disfrutar de la experiencia sin necesidad de tener conocimientos previos de navegaci\u00f3n. Reservar con nosotros es sencillo y podemos adaptar la salida a tus horarios, preferencias e itinerario.<\/p><\/div>\n\t\t\t\t<\/div>\n\t\t\t\t\t\t\t<div class=\"elementor-toggle-item\">\n\t\t\t\t\t<h6 id=\"elementor-tab-title-5032\" class=\"elementor-tab-title\" data-tab=\"2\" role=\"button\" aria-controls=\"elementor-tab-content-5032\" aria-expanded=\"false\">\n\t\t\t\t\t\t\t\t\t\t\t\t<span class=\"elementor-toggle-icon elementor-toggle-icon-left\" aria-hidden=\"true\">\n\t\t\t\t\t\t\t\t\t\t\t\t\t\t\t<span class=\"elementor-toggle-icon-closed\"><i class=\"fas fa-caret-right\"><\/i><\/span>\n\t\t\t\t\t\t\t\t<span class=\"elementor-toggle-icon-opened\"><i class=\"elementor-toggle-icon-opened fas fa-caret-up\"><\/i><\/span>\n\t\t\t\t\t\t\t\t\t\t\t\t\t<\/span>\n\t\t\t\t\t\t\t\t\t\t\t\t<a class=\"elementor-toggle-title\" tabindex=\"0\">\u00bfCu\u00e1nto cuesta alquilar un velero en Marbella?<\/a>\n\t\t\t\t\t<\/h6>\n\n\t\t\t\t\t<div id=\"elementor-tab-content-5032\" class=\"elementor-tab-content elementor-clearfix\" data-tab=\"2\" role=\"region\" aria-labelledby=\"elementor-tab-title-5032\">El precio del alquiler de veleros en Marbella var\u00eda en funci\u00f3n de la embarcaci\u00f3n elegida, la duraci\u00f3n del charter y la temporada del a\u00f1o. Al tratarse de embarcaciones de caracter\u00edsticas espec\u00edficas, te recomendamos que nos contactes directamente para recibir un presupuesto personalizado y detallado ajustado a tu grupo, fecha y tipo de salida. En todos los casos, el precio de nuestros charters de velero en Marbella incluye siempre el patr\u00f3n titulado con experiencia en las aguas de la Costa del Sol, la tripulaci\u00f3n necesaria, el combustible, bebidas refrescantes y aperitivos a bordo para todos los pasajeros. Sin sorpresas ni costes adicionales al final del d\u00eda.<\/div>\n\t\t\t\t<\/div>\n\t\t\t\t\t\t\t<div class=\"elementor-toggle-item\">\n\t\t\t\t\t<h6 id=\"elementor-tab-title-5033\" class=\"elementor-tab-title\" data-tab=\"3\" role=\"button\" aria-controls=\"elementor-tab-content-5033\" aria-expanded=\"false\">\n\t\t\t\t\t\t\t\t\t\t\t\t<span class=\"elementor-toggle-icon elementor-toggle-icon-left\" aria-hidden=\"true\">\n\t\t\t\t\t\t\t\t\t\t\t\t\t\t\t<span class=\"elementor-toggle-icon-closed\"><i class=\"fas fa-caret-right\"><\/i><\/span>\n\t\t\t\t\t\t\t\t<span class=\"elementor-toggle-icon-opened\"><i class=\"elementor-toggle-icon-opened fas fa-caret-up\"><\/i><\/span>\n\t\t\t\t\t\t\t\t\t\t\t\t\t<\/span>\n\t\t\t\t\t\t\t\t\t\t\t\t<a class=\"elementor-toggle-title\" tabindex=\"0\"> \u00bfQu\u00e9 tipo de veleros est\u00e1n disponibles para alquilar en Marbella?<\/a>\n\t\t\t\t\t<\/h6>\n\n\t\t\t\t\t<div id=\"elementor-tab-content-5033\" class=\"elementor-tab-content elementor-clearfix\" data-tab=\"3\" role=\"region\" aria-labelledby=\"elementor-tab-title-5033\">Nuestra flota de veleros en Marbella incluye tanto veleros mon\u00f3casco como catamaranes, como el Fountaine Pajot 40, que destaca por su estabilidad, amplias cubiertas y excepcional comodidad a bordo. Dependiendo de tu grupo y tus preferencias, te recomendaremos la embarcaci\u00f3n m\u00e1s adecuada de nuestra flota.<\/div>\n\t\t\t\t<\/div>\n\t\t\t\t\t\t\t<div class=\"elementor-toggle-item\">\n\t\t\t\t\t<h6 id=\"elementor-tab-title-5034\" class=\"elementor-tab-title\" data-tab=\"4\" role=\"button\" aria-controls=\"elementor-tab-content-5034\" aria-expanded=\"false\">\n\t\t\t\t\t\t\t\t\t\t\t\t<span class=\"elementor-toggle-icon elementor-toggle-icon-left\" aria-hidden=\"true\">\n\t\t\t\t\t\t\t\t\t\t\t\t\t\t\t<span class=\"elementor-toggle-icon-closed\"><i class=\"fas fa-caret-right\"><\/i><\/span>\n\t\t\t\t\t\t\t\t<span class=\"elementor-toggle-icon-opened\"><i class=\"elementor-toggle-icon-opened fas fa-caret-up\"><\/i><\/span>\n\t\t\t\t\t\t\t\t\t\t\t\t\t<\/span>\n\t\t\t\t\t\t\t\t\t\t\t\t<a class=\"elementor-toggle-title\" tabindex=\"0\"> \u00bfNecesito experiencia para alquilar un velero en Marbella?<\/a>\n\t\t\t\t\t<\/h6>\n\n\t\t\t\t\t<div id=\"elementor-tab-content-5034\" class=\"elementor-tab-content elementor-clearfix\" data-tab=\"4\" role=\"region\" aria-labelledby=\"elementor-tab-title-5034\"><p>No es necesaria ninguna experiencia previa en vela ni en navegaci\u00f3n para disfrutar del alquiler de un velero en Marbella. Todos nuestros charters de velero salen con un patr\u00f3n titulado y tripulaci\u00f3n profesional que se encargan de absolutamente todo: la navegaci\u00f3n, el izado y arriado de velas, el rumbo, la comunicaci\u00f3n con otros barcos, la seguridad de los pasajeros a bordo y cualquier situaci\u00f3n que pueda surgir durante la traves\u00eda. Tu \u00fanica responsabilidad es disfrutar del viaje. Si tienes alg\u00fan inter\u00e9s por aprender los conceptos b\u00e1sicos de la vela \u2014 desde c\u00f3mo funciona el viento hasta c\u00f3mo se maniobra una vela \u2014 nuestros patrones estar\u00e1n encantados de ense\u00f1arte durante la salida. Es una experiencia igualmente satisfactoria tanto para navegar en la mayor tranquilidad como para iniciarte en el apasionante mundo de la vela.<\/p><\/div>\n\t\t\t\t<\/div>\n\t\t\t\t\t\t\t<div class=\"elementor-toggle-item\">\n\t\t\t\t\t<h6 id=\"elementor-tab-title-5035\" class=\"elementor-tab-title\" data-tab=\"5\" role=\"button\" aria-controls=\"elementor-tab-content-5035\" aria-expanded=\"false\">\n\t\t\t\t\t\t\t\t\t\t\t\t<span class=\"elementor-toggle-icon elementor-toggle-icon-left\" aria-hidden=\"true\">\n\t\t\t\t\t\t\t\t\t\t\t\t\t\t\t<span class=\"elementor-toggle-icon-closed\"><i class=\"fas fa-caret-right\"><\/i><\/span>\n\t\t\t\t\t\t\t\t<span class=\"elementor-toggle-icon-opened\"><i class=\"elementor-toggle-icon-opened fas fa-caret-up\"><\/i><\/span>\n\t\t\t\t\t\t\t\t\t\t\t\t\t<\/span>\n\t\t\t\t\t\t\t\t\t\t\t\t<a class=\"elementor-toggle-title\" tabindex=\"0\"> \u00bfCu\u00e1les son las ventajas de alquilar un velero frente a un yate a motor en Marbella?<\/a>\n\t\t\t\t\t<\/h6>\n\n\t\t\t\t\t<div id=\"elementor-tab-content-5035\" class=\"elementor-tab-content elementor-clearfix\" data-tab=\"5\" role=\"region\" aria-labelledby=\"elementor-tab-title-5035\"><p>Alquilar un velero en Marbella en lugar de un yate a motor tiene varias ventajas diferenciales que muchos pasajeros valoran especialmente. En primer lugar, la experiencia sensorial que ofrece la vela es \u00fanica e irrepetible: el silencio del motor sustituido por el sonido del viento en las velas, el suave balanceo del casco sobre las olas y la sensaci\u00f3n de avanzar impulsado exclusivamente por las fuerzas de la naturaleza. En segundo lugar, los veleros y especialmente los catamaranes ofrecen amplias cubiertas exteriores perfectas para tomar el sol, leer, socializar o simplemente contemplar el horizonte. En tercer lugar, la navegaci\u00f3n a vela es m\u00e1s respetuosa con el entorno marino, con un consumo de combustible muy reducido. Y por \u00faltimo, desde el punto de vista econ\u00f3mico, los charters de velero suelen ser una opci\u00f3n m\u00e1s accesible para grupos que quieren disfrutar de una jornada de varios horas en el mar con comodidad y estilo.<\/p><\/div>\n\t\t\t\t<\/div>\n\t\t\t\t\t\t\t<div class=\"elementor-toggle-item\">\n\t\t\t\t\t<h6 id=\"elementor-tab-title-5036\" class=\"elementor-tab-title\" data-tab=\"6\" role=\"button\" aria-controls=\"elementor-tab-content-5036\" aria-expanded=\"false\">\n\t\t\t\t\t\t\t\t\t\t\t\t<span class=\"elementor-toggle-icon elementor-toggle-icon-left\" aria-hidden=\"true\">\n\t\t\t\t\t\t\t\t\t\t\t\t\t\t\t<span class=\"elementor-toggle-icon-closed\"><i class=\"fas fa-caret-right\"><\/i><\/span>\n\t\t\t\t\t\t\t\t<span class=\"elementor-toggle-icon-opened\"><i class=\"elementor-toggle-icon-opened fas fa-caret-up\"><\/i><\/span>\n\t\t\t\t\t\t\t\t\t\t\t\t\t<\/span>\n\t\t\t\t\t\t\t\t\t\t\t\t<a class=\"elementor-toggle-title\" tabindex=\"0\"> \u00bfC\u00f3mo reservo el alquiler de un velero en Marbella?<\/a>\n\t\t\t\t\t<\/h6>\n\n\t\t\t\t\t<div id=\"elementor-tab-content-5036\" class=\"elementor-tab-content elementor-clearfix\" data-tab=\"6\" role=\"region\" aria-labelledby=\"elementor-tab-title-5036\"><p>Reservar el alquiler de un velero en Marbella con Marbella Boat Charter es un proceso muy sencillo y r\u00e1pido. Contacta con nuestro equipo por tel\u00e9fono, email o WhatsApp en cualquier momento e ind\u00edcanos el n\u00famero de personas, la fecha deseada, el tipo de charter que buscas (medio d\u00eda, d\u00eda completo o varios d\u00edas) y cualquier preferencia especial para tu salida: si prefieres catamaran o velero mon\u00f3casco, si buscas una experiencia de navegaci\u00f3n activa o simplemente relajarte a bordo, si tienes alguna ocasi\u00f3n especial que celebrar, etc. Con esa informaci\u00f3n, nuestro equipo en Puerto Ban\u00fas revisar\u00e1 la disponibilidad de la flota y te enviar\u00e1 un presupuesto personalizado y detallado sin ning\u00fan tipo de compromiso. Una vez que confirmes la reserva, te proporcionaremos todos los detalles pr\u00e1cticos para el d\u00eda de la salida.<\/p><\/div>\n\t\t\t\t<\/div>\n\t\t\t\t\t\t\t\t\t\t<script type=\"application\/ld+json\">{\"@context\":\"https:\\\/\\\/schema.org\",\"@type\":\"FAQPage\",\"mainEntity\":[{\"@type\":\"Question\",\"name\":\"\\u00bfD\\u00f3nde puedo alquilar un velero en Marbella?\",\"acceptedAnswer\":{\"@type\":\"Answer\",\"text\":\"<p>Marbella Boat Charter es tu mejor opci\\u00f3n para el alquiler de veleros en Marbella, con una selecci\\u00f3n de embarcaciones de vela disponibles para todo tipo de grupos y duraci\\u00f3n de charters. Nuestra flota de veleros incluye veleros mon\\u00f3casco y catamaranes de alta gama, todos amarrados en el Puerto Deportivo de Puerto Ban\\u00fas, el punto de partida perfecto para explorar la Costa del Sol a vela. Disponemos de charters de medio d\\u00eda, d\\u00eda completo y varios d\\u00edas, todos con patr\\u00f3n titulado y tripulaci\\u00f3n profesional incluida, para que puedas disfrutar de la experiencia sin necesidad de tener conocimientos previos de navegaci\\u00f3n. Reservar con nosotros es sencillo y podemos adaptar la salida a tus horarios, preferencias e itinerario.<\\\/p>\"}},{\"@type\":\"Question\",\"name\":\"\\u00bfCu\\u00e1nto cuesta alquilar un velero en Marbella?\",\"acceptedAnswer\":{\"@type\":\"Answer\",\"text\":\"El precio del alquiler de veleros en Marbella var\\u00eda en funci\\u00f3n de la embarcaci\\u00f3n elegida, la duraci\\u00f3n del charter y la temporada del a\\u00f1o. Al tratarse de embarcaciones de caracter\\u00edsticas espec\\u00edficas, te recomendamos que nos contactes directamente para recibir un presupuesto personalizado y detallado ajustado a tu grupo, fecha y tipo de salida. En todos los casos, el precio de nuestros charters de velero en Marbella incluye siempre el patr\\u00f3n titulado con experiencia en las aguas de la Costa del Sol, la tripulaci\\u00f3n necesaria, el combustible, bebidas refrescantes y aperitivos a bordo para todos los pasajeros. Sin sorpresas ni costes adicionales al final del d\\u00eda.\"}},{\"@type\":\"Question\",\"name\":\"\\u00bfQu\\u00e9 tipo de veleros est\\u00e1n disponibles para alquilar en Marbella?\",\"acceptedAnswer\":{\"@type\":\"Answer\",\"text\":\"Nuestra flota de veleros en Marbella incluye tanto veleros mon\\u00f3casco como catamaranes, como el Fountaine Pajot 40, que destaca por su estabilidad, amplias cubiertas y excepcional comodidad a bordo. Dependiendo de tu grupo y tus preferencias, te recomendaremos la embarcaci\\u00f3n m\\u00e1s adecuada de nuestra flota.\"}},{\"@type\":\"Question\",\"name\":\"\\u00bfNecesito experiencia para alquilar un velero en Marbella?\",\"acceptedAnswer\":{\"@type\":\"Answer\",\"text\":\"<p>No es necesaria ninguna experiencia previa en vela ni en navegaci\\u00f3n para disfrutar del alquiler de un velero en Marbella. Todos nuestros charters de velero salen con un patr\\u00f3n titulado y tripulaci\\u00f3n profesional que se encargan de absolutamente todo: la navegaci\\u00f3n, el izado y arriado de velas, el rumbo, la comunicaci\\u00f3n con otros barcos, la seguridad de los pasajeros a bordo y cualquier situaci\\u00f3n que pueda surgir durante la traves\\u00eda. Tu \\u00fanica responsabilidad es disfrutar del viaje. Si tienes alg\\u00fan inter\\u00e9s por aprender los conceptos b\\u00e1sicos de la vela \\u2014 desde c\\u00f3mo funciona el viento hasta c\\u00f3mo se maniobra una vela \\u2014 nuestros patrones estar\\u00e1n encantados de ense\\u00f1arte durante la salida. Es una experiencia igualmente satisfactoria tanto para navegar en la mayor tranquilidad como para iniciarte en el apasionante mundo de la vela.<\\\/p>\"}},{\"@type\":\"Question\",\"name\":\"\\u00bfCu\\u00e1les son las ventajas de alquilar un velero frente a un yate a motor en Marbella?\",\"acceptedAnswer\":{\"@type\":\"Answer\",\"text\":\"<p>Alquilar un velero en Marbella en lugar de un yate a motor tiene varias ventajas diferenciales que muchos pasajeros valoran especialmente. En primer lugar, la experiencia sensorial que ofrece la vela es \\u00fanica e irrepetible: el silencio del motor sustituido por el sonido del viento en las velas, el suave balanceo del casco sobre las olas y la sensaci\\u00f3n de avanzar impulsado exclusivamente por las fuerzas de la naturaleza. En segundo lugar, los veleros y especialmente los catamaranes ofrecen amplias cubiertas exteriores perfectas para tomar el sol, leer, socializar o simplemente contemplar el horizonte. En tercer lugar, la navegaci\\u00f3n a vela es m\\u00e1s respetuosa con el entorno marino, con un consumo de combustible muy reducido. Y por \\u00faltimo, desde el punto de vista econ\\u00f3mico, los charters de velero suelen ser una opci\\u00f3n m\\u00e1s accesible para grupos que quieren disfrutar de una jornada de varios horas en el mar con comodidad y estilo.<\\\/p>\"}},{\"@type\":\"Question\",\"name\":\"\\u00bfC\\u00f3mo reservo el alquiler de un velero en Marbella?\",\"acceptedAnswer\":{\"@type\":\"Answer\",\"text\":\"<p>Reservar el alquiler de un velero en Marbella con Marbella Boat Charter es un proceso muy sencillo y r\\u00e1pido. Contacta con nuestro equipo por tel\\u00e9fono, email o WhatsApp en cualquier momento e ind\\u00edcanos el n\\u00famero de personas, la fecha deseada, el tipo de charter que buscas (medio d\\u00eda, d\\u00eda completo o varios d\\u00edas) y cualquier preferencia especial para tu salida: si prefieres catamaran o velero mon\\u00f3casco, si buscas una experiencia de navegaci\\u00f3n activa o simplemente relajarte a bordo, si tienes alguna ocasi\\u00f3n especial que celebrar, etc. Con esa informaci\\u00f3n, nuestro equipo en Puerto Ban\\u00fas revisar\\u00e1 la disponibilidad de la flota y te enviar\\u00e1 un presupuesto personalizado y detallado sin ning\\u00fan tipo de compromiso. Una vez que confirmes la reserva, te proporcionaremos todos los detalles pr\\u00e1cticos para el d\\u00eda de la salida.<\\\/p>\"}}]}<\/script>\n\t\t\t\t\t<\/div>\n\t\t\t\t\t\t<\/div>\n\t\t\t\t<\/div>\n\t\t\t\t\t<\/div>\n\t\t<\/div>\n\t\t\t\t\t<\/div>\n\t\t<\/section>\n\t\t\t\t<\/div>\n\t\t","protected":false},"excerpt":{"rendered":"<p>Alquiler Veleros Marbella El Alquiler de Veleros en Marbella y Puerto Ban\u00fas es una actividad cada vez m\u00e1s demandada que est\u00e1 al alcance de muchos bolsillos aunque puede parecer exclusiva para personas con alto poder adquisitivo. En Marbella Boat Charter disponemos de una amplia variedad de veleros para alquilar, porque nuestro objetivo es ofrecer un [&hellip;]<\/p>\n","protected":false},"author":1,"featured_media":0,"parent":0,"menu_order":0,"comment_status":"closed","ping_status":"closed","template":"","meta":{"_acf_changed":false,"rs_blank_template":"","rs_page_bg_color":"#ffffff","slide_template_v7":"","site-sidebar-layout":"no-sidebar","site-content-layout":"page-builder","ast-site-content-layout":"default","site-content-style":"default","site-sidebar-style":"default","ast-global-header-display":"","ast-banner-title-visibility":"","ast-main-header-display":"","ast-hfb-above-header-display":"","ast-hfb-below-header-display":"","ast-hfb-mobile-header-display":"","site-post-title":"disabled","ast-breadcrumbs-content":"","ast-featured-img":"disabled","footer-sml-layout":"","theme-transparent-header-meta":"enabled","adv-header-id-meta":"","stick-header-meta":"","header-above-stick-meta":"","header-main-stick-meta":"","header-below-stick-meta":"","astra-migrate-meta-layouts":"set","ast-page-background-enabled":"default","ast-page-background-meta":{"desktop":{"background-color":"var(--ast-global-color-4)","background-image":"","background-repeat":"repeat","background-position":"center center","background-size":"auto","background-attachment":"scroll","background-type":"","background-media":"","overlay-type":"","overlay-color":"","overlay-opacity":"","overlay-gradient":""},"tablet":{"background-color":"","background-image":"","background-repeat":"repeat","background-position":"center center","background-size":"auto","background-attachment":"scroll","background-type":"","background-media":"","overlay-type":"","overlay-color":"","overlay-opacity":"","overlay-gradient":""},"mobile":{"background-color":"","background-image":"","background-repeat":"repeat","background-position":"center center","background-size":"auto","background-attachment":"scroll","background-type":"","background-media":"","overlay-type":"","overlay-color":"","overlay-opacity":"","overlay-gradient":""}},"ast-content-background-meta":{"desktop":{"background-color":"var(--ast-global-color-5)","background-image":"","background-repeat":"repeat","background-position":"center center","background-size":"auto","background-attachment":"scroll","background-type":"","background-media":"","overlay-type":"","overlay-color":"","overlay-opacity":"","overlay-gradient":""},"tablet":{"background-color":"var(--ast-global-color-5)","background-image":"","background-repeat":"repeat","background-position":"center center","background-size":"auto","background-attachment":"scroll","background-type":"","background-media":"","overlay-type":"","overlay-color":"","overlay-opacity":"","overlay-gradient":""},"mobile":{"background-color":"var(--ast-global-color-5)","background-image":"","background-repeat":"repeat","background-position":"center center","background-size":"auto","background-attachment":"scroll","background-type":"","background-media":"","overlay-type":"","overlay-color":"","overlay-opacity":"","overlay-gradient":""}},"_joinchat":[],"footnotes":""},"class_list":["post-4302","page","type-page","status-publish","hentry"],"acf":[],"_links":{"self":[{"href":"https:\/\/marbellaboatcharter.com\/es\/wp-json\/wp\/v2\/pages\/4302","targetHints":{"allow":["GET"]}}],"collection":[{"href":"https:\/\/marbellaboatcharter.com\/es\/wp-json\/wp\/v2\/pages"}],"about":[{"href":"https:\/\/marbellaboatcharter.com\/es\/wp-json\/wp\/v2\/types\/page"}],"author":[{"embeddable":true,"href":"https:\/\/marbellaboatcharter.com\/es\/wp-json\/wp\/v2\/users\/1"}],"replies":[{"embeddable":true,"href":"https:\/\/marbellaboatcharter.com\/es\/wp-json\/wp\/v2\/comments?post=4302"}],"version-history":[{"count":9,"href":"https:\/\/marbellaboatcharter.com\/es\/wp-json\/wp\/v2\/pages\/4302\/revisions"}],"predecessor-version":[{"id":20604,"href":"https:\/\/marbellaboatcharter.com\/es\/wp-json\/wp\/v2\/pages\/4302\/revisions\/20604"}],"wp:attachment":[{"href":"https:\/\/marbellaboatcharter.com\/es\/wp-json\/wp\/v2\/media?parent=4302"}],"curies":[{"name":"wp","href":"https:\/\/api.w.org\/{rel}","templated":true}]}}